{"id":22,"date":"2022-05-28T20:12:05","date_gmt":"2022-05-28T18:12:05","guid":{"rendered":"https:\/\/www.albertsalvia.com\/?page_id=22"},"modified":"2022-12-07T18:43:08","modified_gmt":"2022-12-07T17:43:08","slug":"legalidad","status":"publish","type":"page","link":"https:\/\/www.albertsalvia.com\/es\/legalidad\/","title":{"rendered":"Legalidad"},"content":{"rendered":"\n<div style=\"height:100px\" aria-hidden=\"true\" id=\"avis_legal\" class=\"wp-block-spacer\"><\/div>\n\n\n\n<h2 class=\"wp-block-heading\">AVISO LEGAL<\/h2>\n\n\n\n<p>Bienvenido a la p\u00e1gina web de Albert Salvia dissenyador d\u2019interiors.<br>A continuaci\u00f3n, le exponemos las condiciones de uso de esta p\u00e1gina web. La navegaci\u00f3n por esta p\u00e1gina web le otorga el rol de usuario de la misma y, por tanto, acepta las cl\u00e1usulas detalladas en este documento.<\/p>\n\n\n\n<p><strong>IDENTIFICACI\u00d3N<br><\/strong>De conformidad con lo que dispone el art\u00edculo 10 de la Ley 34\/2002, de 11 de julio, de Servicios de Sociedad de la Informaci\u00f3n y Comercio Electr\u00f3nico, se informa que https:\/\/www.albertsalvia.com\/ es un dominio de Albert Salvia, con domicilio social en la calle Borr\u00e0s, 16, 25142 Bellv\u00eds, tel\u00e9fono +34 669 458 456\u202c y email albert@albertsalvia.com.<\/p>\n\n\n\n<p><strong>NORMAS DE UTILIZACI\u00d3N<br><\/strong>El Usuario se compromete a hacer un uso adecuado y l\u00edcito del sitio web as\u00ed como de los contenidos y servicios, de conformidad con la legislaci\u00f3n aplicable en cada momento, la moral y buenas costumbres generalmente aceptadas y el orden p\u00fablico.<\/p>\n\n\n\n<p>Queda prohibido realizar, por su parte, cualquier acci\u00f3n que pueda provocar alteraciones de los contenidos de esta web o un mal funcionamiento de la misma, incluyendo la introducci\u00f3n de virus o similares.<\/p>\n\n\n\n<p><strong>PROPIEDAD INTELECTUAL<br><\/strong>Las p\u00e1ginas de la web y la informaci\u00f3n o los elementos que contiene, incluyen textos, documentos, fotograf\u00edas, dibujos, representaciones gr\u00e1ficas, bases de datos, v\u00eddeos y tambi\u00e9n logotipos, marcas, nombres comerciales, u otros signos distintivos, est\u00e1n protegidos por derechos de propiedad intelectual o industrial, de los cuales Albert Salvia dissenyador d\u2019interiors es titular o licenciataria leg\u00edtima.<\/p>\n\n\n\n<p>Queda prohibida cualquier modalidad de explotaci\u00f3n, incluyendo cualquier tipo de reproducci\u00f3n, distribuci\u00f3n, cesi\u00f3n a terceros, comunicaci\u00f3n p\u00fablica y transformaci\u00f3n, mediante cualquier tipo de apoyo y medio, sin la autorizaci\u00f3n previa y expresa.<\/p>\n\n\n\n<p><strong>RESPONSABILIDAD<\/strong><br>Nuestra intenci\u00f3n es la de ofrecer un sitio web que ofrezca un funcionamiento continuado y de m\u00e1xima calidad.<\/p>\n\n\n\n<p>De todas formas, le informamos que no podemos garantizar el acceso continuado, y que las p\u00e1ginas se puedan encontrar impedidas, o interrumpidas por factores o circunstancias ajenas a nuestra voluntad.<\/p>\n\n\n\n<p>Albert Salvia dissenyador d\u2019interiors no es responsable de la informaci\u00f3n y otros contenidos integrados en espacios o p\u00e1ginas web de terceros accesibles mediante enlaces, hiperv\u00ednculos o links.<\/p>\n\n\n\n<p>Albert Salvia dissenyador d\u2019interiors no se hace responsable de los perjuicios que se pudieran derivar, entre otros, de:<\/p>\n\n\n\n<ul class=\"wp-block-list\">\n<li>Interferencias, interrupciones, fallos, omisiones, aver\u00edas telef\u00f3nicas, retrasos, bloqueos o desconexiones en el funcionamiento del sistema electr\u00f3nico, motivadas por deficiencias, sobrecargas y errores en las l\u00edneas y redes de telecomunicaciones<\/li>\n\n\n\n<li>Intromisiones ileg\u00edtimas mediante el uso de programas malignos de cualquier tipo y a trav\u00e9s de cualquier medio de comunicaci\u00f3n.<\/li>\n\n\n\n<li>Uso indebido o inadecuado del sitio web.<\/li>\n\n\n\n<li>Errores producidos por un mal funcionamiento del navegador o por el uso de versiones no actualizadas del mismo.<\/li>\n<\/ul>\n\n\n\n<p>EL usuario, en caso de causar da\u00f1os y perjuicios por un uso il\u00edcito o incorrecto de este sitio web, podr\u00e1 ser reclamado de los da\u00f1os o perjuicios causados.<\/p>\n\n\n\n<p>Asimismo, el usuario responder\u00e1 frente a cualquier da\u00f1o y perjuicio, que se derive del uso por su parte de \u201crobots\u201d, \u201cspiders\u201d, \u2026 o herramientas similares empleadas con el fin de recabar o extraer datos o de cualquier otra actuaci\u00f3n por su parte que imponga una carga irrazonable sobre el funcionamiento del sitio web.<\/p>\n\n\n\n<p><strong>LEGISLACI\u00d3N<\/strong><br>Para la resoluci\u00f3n de cualquier conflicto que pueda surgir con ocasi\u00f3n de la visita a nuestra web aconsejamos que se contacte directamente con nosotros a trav\u00e9s de los datos de contacto que ofrecemos exponiendo su caso, con la finalidad de llegar a un acuerdo amistoso entre las dos partes.<\/p>\n\n\n\n<p>En caso contrario, la ley aplicable en caso de disputa o conflicto de interpretaci\u00f3n de los t\u00e9rminos que conforman este aviso legal, as\u00ed como cualquier cuesti\u00f3n relacionada con los servicios y productos del presente portal, ser\u00e1 la ley espa\u00f1ola.<\/p>\n\n\n\n<p>Nuestra empresa y el Usuario acuerdan someterse a los Jueces y Tribunales de domicilio del Usuario, siempre que el mismo est\u00e9 situado en territorio espa\u00f1ol y act\u00fae en condici\u00f3n de consumidor.<\/p>\n\n\n\n<div style=\"height:100px\" aria-hidden=\"true\" id=\"privacitat\" class=\"wp-block-spacer\"><\/div>\n\n\n\n<h2 class=\"wp-block-heading\">POL\u00cdTICA DE PRIVACIDAD<\/h2>\n\n\n\n<p><strong>Alcance de la pol\u00edtica de protecci\u00f3n de datos personales<\/strong><\/p>\n\n\n\n<p>Esta pol\u00edtica de protecci\u00f3n de datos de car\u00e1cter personal abarca cualquier tratamiento de datos que pueda producirse al navegar o interaccionar por cualquiera de nuestras p\u00e1ginas web o las redes sociales en las que podamos tener presencia. Al final de este documento se especifica informaci\u00f3n especial en el caso del uso de las redes sociales. Tambi\u00e9n se aplicar\u00e1 a cualquier procedimiento interno de la empresa que requiera la recogida de datos, ya sea en formularios en formato papel o cualquier otro sistema.<\/p>\n\n\n\n<p>En cualquiera de estos medios, usted puede consultar informaci\u00f3n, y en algunos casos rellenar formularios, contestar encuestas, participar en concursos, realizar consultas, enviar fotograf\u00edas, realizar comentarios, etc.\u2026 y, por lo tanto, proporcionarnos informaci\u00f3n de datos de car\u00e1cter personal. Todos los tratamientos est\u00e1n sujetos a nuestra pol\u00edtica de privacidad.<\/p>\n\n\n\n<p><strong>\u00bfQui\u00e9n es el responsable del tratamiento de sus datos personales?<\/strong><\/p>\n\n\n\n<p>En cumplimiento de lo establecido en el Reglamento (UE) 2016\/679 del Parlamento Europeo&nbsp;y&nbsp;del Consejo de 27 de abril del 2016 y la Ley Org\u00e1nica 3\/2018, de 5 de diciembre, de Protecci\u00f3n de Datos Personales y garant\u00eda de los derechos digitales, informamos, que los datos de car\u00e1cter personal que nos proporcione ser\u00e1n tratados por Albert Salvia dissenyador d\u2019interiors , con domicilio social en la Calle Borr\u00e0s, 16, 25142 Bellv\u00eds, tel\u00e9fono +34 669 458 456 y email albert@albertsalvia.com<\/p>\n\n\n\n<p><strong>\u00bfQu\u00e9 Datos Personales se recogen y finalidad de los mismos?<\/strong><br>Detallamos, los datos personales que gestiona, as\u00ed como sus finalidades.<\/p>\n\n\n\n<figure class=\"wp-block-table\"><table><tbody><tr><td>Tratamiento<\/td><td>CLIENTES<\/td><\/tr><tr><td>Finalidad<\/td><td>Gestionar los datos de los clientes para gestionar su pedido.<\/td><\/tr><tr><td>Categor\u00edas de los datos<\/td><td>Clientes.<\/td><\/tr><tr><td>Datos<\/td><td>Datos identificativos: Nombre y apellidos, DNI, direcci\u00f3n, tel\u00e9fono, mail.<\/td><\/tr><tr><td>Legitimaci\u00f3n<\/td><td>Relaci\u00f3n contractual.<\/td><\/tr><tr><td>Procedencia<\/td><td>Del propio interesado.<\/td><\/tr><tr><td>Destinatarios<\/td><td>Las previstas por normativa.<\/td><\/tr><tr><td>Tiempo de conservaci\u00f3n<\/td><td>Las previstas por normativa.<\/td><\/tr><tr><td>Transferencias internacionales<\/td><td>No hay transferencia internacional de datos.<\/td><\/tr><\/tbody><\/table><\/figure>\n\n\n\n<p><br><\/p>\n\n\n\n<figure class=\"wp-block-table\"><table><tbody><tr><td>Tratamiento<\/td><td>INFORMACI\u00d3N<\/td><\/tr><tr><td>Finalidad<\/td><td>Responder las peticiones de informaci\u00f3n que se recepcionan por la web.<\/td><\/tr><tr><td>Categor\u00edas de datos<\/td><td>Personas que solicitan informaci\u00f3n.<\/td><\/tr><tr><td>Datos:<\/td><td>Nombre, apellidos, mail, tel\u00e9fono.<\/td><\/tr><tr><td>Legitimaci\u00f3n<\/td><td>Inter\u00e9s leg\u00edtimo.<\/td><\/tr><tr><td>Procedencia<\/td><td>Del propio interesado.<\/td><\/tr><tr><td>Destinatarios<\/td><td>No hay comunicaciones de los datos.<\/td><\/tr><tr><td>Tiempos de conservaci\u00f3n<\/td><td>Hasta que se haya gestionado la petici\u00f3n.<\/td><\/tr><tr><td>Transferencias internacionales<\/td><td>No existen transferencias internacionales de datos.<\/td><\/tr><\/tbody><\/table><\/figure>\n\n\n\n<p>Su consentimiento puede ser revocado en cualquier momento.<br>Albert Salvia dissenyador d\u2019interiors utiliza herramientas para analizar perfiles, comportamientos o preferencias de los usuarios y posteriormente realizar campa\u00f1as dirigidas en funci\u00f3n de estos datos.<\/p>\n\n\n\n<p><strong>\u00bfPor qu\u00e9 raz\u00f3n utilizamos sus datos personales?<\/strong><br>A continuaci\u00f3n, le explicamos la base legal que nos permite tratar sus datos personales.<\/p>\n\n\n\n<ol class=\"wp-block-list\">\n<li>En cumplimiento de una relaci\u00f3n contractual.<\/li>\n\n\n\n<li>Cuando nos da su consentimiento.<\/li>\n\n\n\n<li>Por inter\u00e9s leg\u00edtimo de Albert Salvia dissenyador d\u2019interiors para mostrarle servicios, productos e iniciativas que puedan interesarle.<\/li>\n\n\n\n<li>Cumplimiento de obligaciones impuestas por Ley.<\/li>\n<\/ol>\n\n\n\n<p>Les recordamos que puede revocar su consentimiento en cualquier momento en la siguiente direcci\u00f3n: albert@albertsalvia.com<\/p>\n\n\n\n<p><strong>Publicaciones de fotos o videos en la p\u00e1gina web o en las redes sociales<\/strong><br>Para la publicaci\u00f3n de fotograf\u00edas o videos de nuestros trabajadores, clientes, usuarios o menores en la web o redes sociales, al igual que para recopilar datos para realizar un concurso o tratar cualquier otro dato personal, previamente obtenemos el&nbsp;consentimiento&nbsp;previo, expl\u00edcito, indiscutible&nbsp;e informado del titular que, en el caso de los menores de 14 a\u00f1os, se otorga por los padres o tutores legales.<\/p>\n\n\n\n<p>El tratamiento de estas fotos, acata&nbsp;el principio de&nbsp;proporcionalidad, es decir, solo se tratan estrictamente para la finalidad para la que se ha prestado el consentimiento.<\/p>\n\n\n\n<p><strong>Datos no pertinentes<\/strong><br>Albert Salvia dissenyador d\u2019interiors advierte al usuario de que, salvo la existencia de una representaci\u00f3n legalmente constituida, ning\u00fan usuario puede utilizar la identidad de otra persona y comunicar sus datos personales, por lo que el usuario en todo momento deber\u00e1 tener en cuenta que solo puede proporcionar datos personales correspondientes a su propia identidad y que sean adecuados, pertinentes, actuales, exactos y verdaderos<\/p>\n\n\n\n<p><strong>\u00bfCu\u00e1nto tiempo conservaremos sus datos?<\/strong><br>Albert Salvia dissenyador d\u2019interiors guarda sus Datos Personales mientras sea necesario para el fin por el que fueron recopilados. Si la directriz es distinta a la indicada en esta pol\u00edtica se detalla en el documento pertinente.<\/p>\n\n\n\n<p><strong>\u00bfA qui\u00e9n comunicaremos sus datos?<\/strong><br>Albert Salvia dissenyador d\u2019interiors solamente ceder\u00e1 sus datos en aquellos servicios en los que se indica y en los casos previstos por una ley.<br>No se realizar\u00e1n transferencias internacionales de sus datos personales.<\/p>\n\n\n\n<p>En el caso de las redes sociales, toda la informaci\u00f3n y contenidos publicados por el usuario&nbsp;ser\u00e1n objeto de comunicaci\u00f3n y compartidos con el resto de los usuarios que consulten esta red social, por la propia naturaleza del servicio.<\/p>\n\n\n\n<p><strong>Medidas de seguridad<\/strong><br>Albert Salvia dissenyador d\u2019interiors asegura la absoluta confidencialidad y privacidad de los datos personales recogidos y por ello se han adoptado medidas esenciales de seguridad para evitar la alteraci\u00f3n, p\u00e9rdida, tratamiento o acceso no autorizado y garantizar as\u00ed su integridad y seguridad.<\/p>\n\n\n\n<p>El Usuario se compromete a hacer un uso diligente y a no poner a la disposici\u00f3n de terceros su nombre de usuario y contrase\u00f1a, as\u00ed mismo se compromete a llevar a disposici\u00f3n de la empresa cualquier, robo, p\u00e9rdida o riesgo de acceso de terceros a su usuario.<\/p>\n\n\n\n<p><strong>\u00bfCu\u00e1les son sus derechos cuando nos facilita sus datos personales?<\/strong><\/p>\n\n\n\n<figure class=\"wp-block-table\"><table><tbody><tr><td>Acceso<\/td><td>Podr\u00e1 consultar los datos personales gestionados por Albert Salvia dissenyador d\u2019interiors<\/td><\/tr><tr><td>Rectificaci\u00f3n<\/td><td>Podr\u00e1 modificar sus datos personales cuando sean inexactos.<\/td><\/tr><tr><td>Supresi\u00f3n<\/td><td>Podr\u00e1 solicitar la eliminaci\u00f3n de sus datos personales<\/td><\/tr><tr><td>Oposici\u00f3n<\/td><td>Podr\u00e1 solicitar que no se traten sus datos personales.<\/td><\/tr><tr><td>Limitaci\u00f3n del tratamiento<\/td><td>Podr\u00e1s solicitar la limitaci\u00f3n al tratamiento de tus datos en los siguientes casos:<br>- Mientras se comprueba la impugnaci\u00f3n de la exactitud de tus datos<br>- Cuando Albert Salvia dissenyador d\u2019interiors . no necesite tratar sus datos, pero usted los necesites para el ejercicio o defensa de reclamaciones.<\/td><\/tr><tr><td>Portabilidad<\/td><td>Podr\u00e1 recibir en formato electr\u00f3nico los datos que nos haya facilitado en formato electr\u00f3nico<\/td><\/tr><\/tbody><\/table><\/figure>\n\n\n\n<p><strong>Redes sociales<\/strong><br>El funcionamiento de las redes sociales no est\u00e1 bajo el control de Albert Salvia dissenyador d\u2019interiors , y por lo tanto la informaci\u00f3n que publique ser\u00e1 compartida por todos los usuarios que las consulten. As\u00ed mismo, estas redes permiten la interacci\u00f3n con otros usuarios, y por lo tanto, a continuaci\u00f3n, se detallan unas premisas que debe tener en cuenta.<\/p>\n\n\n\n<p>El objeto de la utilizaci\u00f3n de las redes sociales es dar visibilidad y difusi\u00f3n de los productos que desarrolla Albert Salvia dissenyador d\u2019interiors<br>En principio, se aplica la misma pol\u00edtica de protecci\u00f3n de datos especificada en este documento, en cuanto a la recogida, tratamiento y cesi\u00f3n de datos.<\/p>\n\n\n\n<p>El usuario debe comprometerse a:<\/p>\n\n\n\n<p>\u00b7 No publicar informaciones que no respondan a los requisitos de veracidad, inter\u00e9s p\u00fablico y respeto a la dignidad de las personas. En especial, el usuario tendr\u00e1 que evitar toda conducta que pueda atentar contra el principio de no discriminaci\u00f3n por razones de sexo, raza, religi\u00f3n, ideolog\u00eda o cualquier otro circunstancia personal o social, y contra la intimidad, el honor y la propia imagen, siendo el responsable final sobre la veracidad y legalidad de los contenidos que publique<\/p>\n\n\n\n<p>\u00b7 No grabar ni publicar im\u00e1genes, v\u00eddeos o cualquier otro tipo de registro sin el consentimiento de los afectados<\/p>\n\n\n\n<p>Albert Salvia dissenyador d\u2019interiors no se identifica con las opiniones expresadas por otros ni con la ideolog\u00eda de los perfiles con los que tenga amistad en ninguna red social.<\/p>\n\n\n\n<p>Albert Salvia dissenyador d\u2019interiors se reserva el derecho de eliminar de sus redes sociales cualquier informaci\u00f3n publicada por otros que vulnere la legalidad, incite a hacerlo, o contenga mensajes que atenten contra la dignidad de personas o instituciones. As\u00ed como de bloquear o denunciar el perfil autor de estos mensajes.<\/p>\n\n\n\n<p>Recomendaciones a los usuarios\/las usuarias<\/p>\n\n\n\n<p>\u00b7 Revise y lea las condiciones generales de uso y la pol\u00edtica de privacidad de la red social en el momento de registrarse.<br>\u00b7 Aprenda las posibilidades de configuraci\u00f3n y uso que la red ofrezca.<br>\u00b7 Configure adecuadamente el grado de privacidad del perfil de usuario en la red social.<br>\u00b7 No publique informaci\u00f3n excesiva sobre su vida personal y familiar.<br>\u00b7 Tenga cuidado con la publicaci\u00f3n de contenidos audiovisuales y gr\u00e1ficos en su perfil, especialmente si se alojar\u00e1n im\u00e1genes relativas a terceras personas.<br>\u00b7 No ofrezca datos de terceros sin el previo consentimiento de \u00e9stos.<\/p>\n\n\n\n<p>Las redes sociales gestionadas por Albert Salvia dissenyador d\u2019interiors son:<br>Facebook: <a href=\"https:\/\/www.facebook.com\/albertsalviadissenyadordinteriors\" target=\"_blank\" rel=\"noreferrer noopener\">https:\/\/www.facebook.com\/albertsalviadissenyadordinteriors<\/a><br>Instagram: <a href=\"https:\/\/www.instagram.com\/albert_salvia_dis_dinteriors\/\" target=\"_blank\" rel=\"noreferrer noopener\">https:\/\/www.instagram.com\/albert_salvia_dis_dinteriors\/<\/a><br>Linkedin: <a href=\"https:\/\/www.linkedin.com\/in\/albert-salvia-farr%C3%A9-0895aa46\/\" target=\"_blank\" rel=\"noreferrer noopener\">https:\/\/www.linkedin.com\/in\/albert-salvia-farr%C3%A9-0895aa46\/<\/a><br>Behance: <a href=\"https:\/\/www.behance.net\/albertsalvia?tracking_source=search_users%7Calbert%20salvia\" target=\"_blank\" rel=\"noreferrer noopener\">https:\/\/www.behance.net\/albertsalvia?tracking_source=search_users%7Calbert%20salvia<\/a><\/p>\n\n\n\n<div style=\"height:100px\" aria-hidden=\"true\" id=\"cookies\" class=\"wp-block-spacer\"><\/div>\n\n\n\n<h2 class=\"wp-block-heading\">POL\u00cdTICA DE COOKIES<\/h2>\n\n\n\n<p>Albert Salvia dissenyador d\u2019interiors le informa acerca del uso de las cookies en su p\u00e1gina web.<br>Las cookies son archivos que se pueden descargar en su equipo a trav\u00e9s de las p\u00e1ginas web. Son herramientas que tienen un papel esencial para la prestaci\u00f3n de numerosos servicios de la sociedad de la informaci\u00f3n. Entre otros, permiten a una p\u00e1gina web almacenar y recuperar informaci\u00f3n sobre los h\u00e1bitos de navegaci\u00f3n de un usuario o de su equipo y, dependiendo de la informaci\u00f3n obtenida, se pueden utilizar para reconocer al usuario y mejorar el servicio ofrecido.<\/p>\n\n\n\n<p><strong>Tipos de cookies<\/strong><br>Seg\u00fan quien sea la entidad que gestione el dominio desde donde se env\u00edan las cookies y trate los datos que se obtengan se pueden distinguir dos tipos: <strong>cookies propias y cookies de terceros<\/strong>.<\/p>\n\n\n\n<p>Existe tambi\u00e9n una segunda clasificaci\u00f3n seg\u00fan el plazo de tiempo que permanecen almacenadas en el navegador del cliente, pudiendo tratarse de <strong>cookies de sesi\u00f3n o cookies persistentes<\/strong>.<\/p>\n\n\n\n<p>Por \u00faltimo, existe otra clasificaci\u00f3n con cinco tipos de cookies seg\u00fan la finalidad para la que se traten los datos obtenidos: <strong>cookies t\u00e9cnicas, cookies de personalizaci\u00f3n, cookies de an\u00e1lisis, cookies publicitarias y cookies de publicidad comportamental<\/strong>.<\/p>\n\n\n\n<p><strong>Cookies utilizadas en la web<\/strong><br>A continuaci\u00f3n se identifican las cookies que est\u00e1n siendo utilizadas en este portal as\u00ed como su tipolog\u00eda y funci\u00f3n:<\/p>\n\n\n\n<p>La p\u00e1gina web utiliza <strong>Google Analytics,<\/strong> un servicio de anal\u00edtica web desarrollada por Google, que permite la medici\u00f3n y an\u00e1lisis de la navegaci\u00f3n en las p\u00e1ginas web. En su navegador podr\u00e1 observar <strong>4 cookies de este servicio<\/strong>. Seg\u00fan la tipolog\u00eda anterior se trata de cookies propias, de sesi\u00f3n y de an\u00e1lisis.<br>Puede encontrar m\u00e1s informaci\u00f3n al respecto e inhabilitar el uso de estas cookies <a href=\"https:\/\/marketingplatform.google.com\/about\/\" target=\"_blank\" rel=\"noreferrer noopener\">www.google.es\/intl\/es\/analytics\/privacyoverview.html<\/a><\/p>\n\n\n\n<p>A trav\u00e9s de la anal\u00edtica web se obtiene informaci\u00f3n relativa al n\u00famero de usuarios que acceden a la web, el n\u00famero de p\u00e1ginas vistas, la frecuencia y repetici\u00f3n de las visitas, su duraci\u00f3n, el navegador utilizado, el operador que presta el servicio, el idioma, el terminal que utiliza, o la ciudad a la que est\u00e1 asignada su direcci\u00f3n IP. Informaci\u00f3n que posibilita un mejor y m\u00e1s apropiado servicio por parte de este portal.<\/p>\n\n\n\n<p>Otra de las cookies que se descargan es una cookie de tipo t\u00e9cnico denominada <strong>ASP.NET_SessionId<\/strong>. Esta cookie permite almacenar un identificador \u00fanico por sesi\u00f3n a trav\u00e9s del que es posible vincular datos necesarios para posibilitar la navegaci\u00f3n en curso.<\/p>\n\n\n\n<p><strong>Cookies de registro<\/strong><br>Las cookies de registro se generan una vez que el Usuario se ha registrado o posteriormente ha abierto su sesi\u00f3n, y se utilizan para identificarle en las web y servicios con los siguientes objetivos:<\/p>\n\n\n\n<p>\u00b7 Mantener al usuario identificado de forma que, si cierra un servicio o web, el navegador o el ordenador y en otro momento u otro d\u00eda vuelve a entrar en dicho servicio o web, seguir\u00e1 identificado, facilitando as\u00ed su navegaci\u00f3n sin tener que volver a identificarse. Esta funcionalidad se puede suprimir si el usuario pulsa la funcionalidad \u201cSalir\u201d, de forma que esta cookie se elimina y la pr\u00f3xima vez que entre en la web el usuario tendr\u00e1 que iniciar sesi\u00f3n para estar identificado.<br>\u00b7 Comprobar si el usuario est\u00e1 autorizado para acceder a ciertos servicios, por ejemplo, para participar en un concurso.<br>\u00b7 Adicionalmente, algunos servicios pueden utilizar conectores de terceros tales como Facebook, Twitter o Google. Cuando el usuario se registra en un servicio con credenciales de una red social o sistema de identificaci\u00f3n de terceros, autoriza al mismo a guardar una cookie persistente que recuerda su identidad y le garantiza acceso a la web hasta que expira. El usuario puede borrar esta cookie y revocar el acceso a la web mediante redes sociales o sistema de identificaci\u00f3n de terceros actualizando sus preferencias en la red social que espec\u00edfica.<\/p>\n\n\n\n<p>Por \u00faltimo, se descarga una cookie de tipo t\u00e9cnico denominada <strong>cookies_policy<\/strong>, propia, de tipo t\u00e9cnico y de sesi\u00f3n. Gestiona el consentimiento del usuario&nbsp;para el uso de las cookies en la p\u00e1gina web, con el objeto de recordar aquellos usuarios que las han aceptado y aquellos que no, de modo que a los primeros no se les muestre informaci\u00f3n en la parte superior de la p\u00e1gina al respecto.<\/p>\n\n\n\n<p><strong>Aceptaci\u00f3n de la Pol\u00edtica de cookies<\/strong><br>Nuestra empresa asume que usted acepta el uso de cookies. No obstante, muestra informaci\u00f3n sobre su Pol\u00edtica de cookies en la parte superior de cualquier p\u00e1gina del portal con cada inicio de sesi\u00f3n con el objeto de que usted sea consciente.<\/p>\n\n\n\n<p>Ante esta informaci\u00f3n es posible llevar a cabo las siguientes acciones:<\/p>\n\n\n\n<p>\u00b7 <strong>Aceptar cookies<\/strong>. No se volver\u00e1 a visualizar este aviso al acceder a cualquier p\u00e1gina del portal durante la presente sesi\u00f3n.<br>\u00b7 <strong>Cerrar<\/strong>. Se oculta el aviso en la presente p\u00e1gina.<br>\u00b7 <strong>Modificar su configuraci\u00f3n<\/strong>. Podr\u00e1 obtener m\u00e1s informaci\u00f3n sobre qu\u00e9 son las cookies, conocer la Pol\u00edtica de cookies y modificar la configuraci\u00f3n de su navegador.<\/p>\n\n\n\n<p><strong>C\u00f3mo modificar la configuraci\u00f3n de las cookies<\/strong><br>Usted puede restringir, bloquear o borrar las cookies, utilizando su navegador. En cada navegador la operativa es diferente, la funci\u00f3n de 'Ayuda' le mostrar\u00e1 c\u00f3mo hacerlo.<\/p>\n\n\n\n<p>\u00b7 Internet Explorer: windows.microsoft.com\/es-xl\/internet-explorer\/delete-manage-cookies#ie=ie-10<br>\u00b7 FireFox: support.mozilla.org\/es\/kb\/Borrar%20cookies<br>\u00b7 Chrome: support.google.com\/chrome\/answer\/95647?hl=es<br>\u00b7 Safari: www.apple.com\/es\/privacy\/use-of-cookies\/<\/p>\n\n\n\n<p>Adem\u00e1s, tambi\u00e9n puede gestionar el almac\u00e9n de cookies en su navegador a trav\u00e9s de herramientas como las siguientes:<\/p>\n\n\n\n<p>\u00b7 Ghostery: www.ghostery.com\/<br>\u00b7 Your online choices: www.youronlinechoices.com\/es\/<\/p>\n","protected":false},"excerpt":{"rendered":"<p>AVISO LEGAL Bienvenido a la p\u00e1gina web de Albert Salvia dissenyador d\u2019interiors.A continuaci\u00f3n, le exponemos las condiciones de uso de esta p\u00e1gina web. La navegaci\u00f3n por esta p\u00e1gina web le...<\/p>\n","protected":false},"author":1,"featured_media":0,"parent":0,"menu_order":0,"comment_status":"closed","ping_status":"closed","template":"","meta":{"_acf_changed":false,"inline_featured_image":false,"footnotes":""},"class_list":["post-22","page","type-page","status-publish","hentry"],"acf":[],"yoast_head":"<!-- This site is optimized with the Yoast SEO plugin v27.5 - https:\/\/yoast.com\/product\/yoast-seo-wordpress\/ -->\n<title>Legalidad - Albert Salvia - Dissenyador d&#039;interiors<\/title>\n<meta name=\"robots\" content=\"noindex, follow\" \/>\n<meta property=\"og:locale\" content=\"es_ES\" \/>\n<meta property=\"og:type\" content=\"article\" \/>\n<meta property=\"og:title\" content=\"Legalidad - Albert Salvia - Dissenyador d&#039;interiors\" \/>\n<meta property=\"og:description\" content=\"AVISO LEGAL Bienvenido a la p\u00e1gina web de Albert Salvia dissenyador d\u2019interiors.A continuaci\u00f3n, le exponemos las condiciones de uso de esta p\u00e1gina web. La navegaci\u00f3n por esta p\u00e1gina web le...\" \/>\n<meta property=\"og:url\" content=\"https:\/\/www.albertsalvia.com\/es\/legalidad\/\" \/>\n<meta property=\"og:site_name\" content=\"Albert Salvia\" \/>\n<meta property=\"article:modified_time\" content=\"2022-12-07T17:43:08+00:00\" \/>\n<meta name=\"twitter:card\" content=\"summary_large_image\" \/>\n<meta name=\"twitter:label1\" content=\"Tiempo de lectura\" \/>\n\t<meta name=\"twitter:data1\" content=\"16 minutos\" \/>\n<script type=\"application\/ld+json\" class=\"yoast-schema-graph\">{\"@context\":\"https:\\\/\\\/schema.org\",\"@graph\":[{\"@type\":\"WebPage\",\"@id\":\"https:\\\/\\\/www.albertsalvia.com\\\/es\\\/legalidad\\\/\",\"url\":\"https:\\\/\\\/www.albertsalvia.com\\\/es\\\/legalidad\\\/\",\"name\":\"Legalidad - Albert Salvia - Dissenyador d&#039;interiors\",\"isPartOf\":{\"@id\":\"https:\\\/\\\/www.albertsalvia.com\\\/es\\\/#website\"},\"datePublished\":\"2022-05-28T18:12:05+00:00\",\"dateModified\":\"2022-12-07T17:43:08+00:00\",\"breadcrumb\":{\"@id\":\"https:\\\/\\\/www.albertsalvia.com\\\/es\\\/legalidad\\\/#breadcrumb\"},\"inLanguage\":\"es\",\"potentialAction\":[{\"@type\":\"ReadAction\",\"target\":[\"https:\\\/\\\/www.albertsalvia.com\\\/es\\\/legalidad\\\/\"]}]},{\"@type\":\"BreadcrumbList\",\"@id\":\"https:\\\/\\\/www.albertsalvia.com\\\/es\\\/legalidad\\\/#breadcrumb\",\"itemListElement\":[{\"@type\":\"ListItem\",\"position\":1,\"name\":\"Portada\",\"item\":\"https:\\\/\\\/www.albertsalvia.com\\\/es\\\/\"},{\"@type\":\"ListItem\",\"position\":2,\"name\":\"Legalidad\"}]},{\"@type\":\"WebSite\",\"@id\":\"https:\\\/\\\/www.albertsalvia.com\\\/es\\\/#website\",\"url\":\"https:\\\/\\\/www.albertsalvia.com\\\/es\\\/\",\"name\":\"Albert Salvia\",\"description\":\"Dissenyador d&#039;interiors\",\"potentialAction\":[{\"@type\":\"SearchAction\",\"target\":{\"@type\":\"EntryPoint\",\"urlTemplate\":\"https:\\\/\\\/www.albertsalvia.com\\\/es\\\/?s={search_term_string}\"},\"query-input\":{\"@type\":\"PropertyValueSpecification\",\"valueRequired\":true,\"valueName\":\"search_term_string\"}}],\"inLanguage\":\"es\"}]}<\/script>\n<!-- \/ Yoast SEO plugin. -->","yoast_head_json":{"title":"Legalidad - Albert Salvia - Dissenyador d&#039;interiors","robots":{"index":"noindex","follow":"follow"},"og_locale":"es_ES","og_type":"article","og_title":"Legalidad - Albert Salvia - Dissenyador d&#039;interiors","og_description":"AVISO LEGAL Bienvenido a la p\u00e1gina web de Albert Salvia dissenyador d\u2019interiors.A continuaci\u00f3n, le exponemos las condiciones de uso de esta p\u00e1gina web. La navegaci\u00f3n por esta p\u00e1gina web le...","og_url":"https:\/\/www.albertsalvia.com\/es\/legalidad\/","og_site_name":"Albert Salvia","article_modified_time":"2022-12-07T17:43:08+00:00","twitter_card":"summary_large_image","twitter_misc":{"Tiempo de lectura":"16 minutos"},"schema":{"@context":"https:\/\/schema.org","@graph":[{"@type":"WebPage","@id":"https:\/\/www.albertsalvia.com\/es\/legalidad\/","url":"https:\/\/www.albertsalvia.com\/es\/legalidad\/","name":"Legalidad - Albert Salvia - Dissenyador d&#039;interiors","isPartOf":{"@id":"https:\/\/www.albertsalvia.com\/es\/#website"},"datePublished":"2022-05-28T18:12:05+00:00","dateModified":"2022-12-07T17:43:08+00:00","breadcrumb":{"@id":"https:\/\/www.albertsalvia.com\/es\/legalidad\/#breadcrumb"},"inLanguage":"es","potentialAction":[{"@type":"ReadAction","target":["https:\/\/www.albertsalvia.com\/es\/legalidad\/"]}]},{"@type":"BreadcrumbList","@id":"https:\/\/www.albertsalvia.com\/es\/legalidad\/#breadcrumb","itemListElement":[{"@type":"ListItem","position":1,"name":"Portada","item":"https:\/\/www.albertsalvia.com\/es\/"},{"@type":"ListItem","position":2,"name":"Legalidad"}]},{"@type":"WebSite","@id":"https:\/\/www.albertsalvia.com\/es\/#website","url":"https:\/\/www.albertsalvia.com\/es\/","name":"Albert Salvia","description":"Dissenyador d&#039;interiors","potentialAction":[{"@type":"SearchAction","target":{"@type":"EntryPoint","urlTemplate":"https:\/\/www.albertsalvia.com\/es\/?s={search_term_string}"},"query-input":{"@type":"PropertyValueSpecification","valueRequired":true,"valueName":"search_term_string"}}],"inLanguage":"es"}]}},"_links":{"self":[{"href":"https:\/\/www.albertsalvia.com\/es\/wp-json\/wp\/v2\/pages\/22","targetHints":{"allow":["GET"]}}],"collection":[{"href":"https:\/\/www.albertsalvia.com\/es\/wp-json\/wp\/v2\/pages"}],"about":[{"href":"https:\/\/www.albertsalvia.com\/es\/wp-json\/wp\/v2\/types\/page"}],"author":[{"embeddable":true,"href":"https:\/\/www.albertsalvia.com\/es\/wp-json\/wp\/v2\/users\/1"}],"replies":[{"embeddable":true,"href":"https:\/\/www.albertsalvia.com\/es\/wp-json\/wp\/v2\/comments?post=22"}],"version-history":[{"count":6,"href":"https:\/\/www.albertsalvia.com\/es\/wp-json\/wp\/v2\/pages\/22\/revisions"}],"predecessor-version":[{"id":1068,"href":"https:\/\/www.albertsalvia.com\/es\/wp-json\/wp\/v2\/pages\/22\/revisions\/1068"}],"wp:attachment":[{"href":"https:\/\/www.albertsalvia.com\/es\/wp-json\/wp\/v2\/media?parent=22"}],"curies":[{"name":"wp","href":"https:\/\/api.w.org\/{rel}","templated":true}]}}