{"id":129,"date":"2022-05-29T20:56:54","date_gmt":"2022-05-29T18:56:54","guid":{"rendered":"https:\/\/www.albertsalvia.com\/?post_type=projecte&#038;p=129"},"modified":"2022-12-30T17:23:32","modified_gmt":"2022-12-30T16:23:32","slug":"casa-torre-csl","status":"publish","type":"projecte","link":"https:\/\/www.albertsalvia.com\/es\/projecte\/casa-torre-csl\/","title":{"rendered":"Casa-torre CSL"},"content":{"rendered":"<div id=\"f3fddiv_block-2-272\" class=\"ct-div-block separador_blocs_in_proj\" ><div id=\"div_block-f3f116-272\" class=\"ct-div-block\" ><img decoding=\"async\" loading=\"lazy\" id=\"image-7-272rr22ff\" alt=\"\" src=\"https:\/\/www.albertsalvia.com\/wp-content\/uploads\/sites\/2\/w22-albertsalviatorre-001.jpg\" class=\"ct-image\"\/><\/div><div id=\"div_block-5-272xczx\" class=\"ct-div-block\" ><div id=\"text_blockxczx-16-272\" class=\"ct-text-block mida18\" >Se refuerzan aquellos elementos con mayor esencia de la casa, como s\u00f3n las bigas de madera de la cocina-comedor<\/div><\/div><\/div>\n\n<div id=\"divfdsf3_block-2-272\" class=\"ct-div-block separador_blocs_no_peufoto\" ><div id=\"div_g33gsblock-6-272\" class=\"ct-div-block\" ><img decoding=\"async\" loading=\"lazy\" id=\"image-gg31a7-272\" alt=\"\" src=\"https:\/\/www.albertsalvia.com\/wp-content\/uploads\/sites\/2\/03-0-generals-cmb-41-5-2.jpg\" class=\"ct-image\"\/><\/div><\/div>\n\n<div id=\"div_block-asd2-272\" class=\"ct-div-block separador_blocs_no_peufoto\" ><div id=\"div_blo2casdfasdfak-6-272\" class=\"ct-div-block\" ><div id=\"div_blds3ock-13-272\" class=\"ct-div-block mida25\" ><div id=\"text_bl3d3ock-14-284\" class=\"ct-text-block\" ><div>Esta era la t\u00edpica torre propia del territorio, un espacio para el ocio, para el verano y los meses de buen clima... Con la nueva generaci\u00f3n y el crecimiento de la ciudad se decide que es el momento de convertirla de segunda a primera residencia.<\/div><div><br><\/div><div>Una torre familiar que se hab\u00eda ido ampliando seg\u00fan las necesidades y que en la nueva vida ten\u00eda que conservar esta esencia pero pr\u00e1ctica para el d\u00eda a d\u00eda. En la distribuci\u00f3n se aprovecha aquello que la casa tiene de bueno, solucionar aquello que no y adaptarla a las necesidades de la familia que tiene que habitarla y las posibilidades de crecimiento, reduciendo costos, esfuerzos y huella ecol\u00f3gica.<\/div><\/div><\/div><div id=\"div_blof2fck-12-272\" class=\"ct-div-block\" ><img decoding=\"async\" loading=\"lazy\" id=\"imagfd3e-7-272\" alt=\"\" src=\"https:\/\/www.albertsalvia.com\/wp-content\/uploads\/03-0-generals-cmb-41-4.jpg\" class=\"ct-image\"\/><\/div><\/div><\/div>\n\n<div id=\"divfdsf3_block-2-272\" class=\"ct-div-block separador_blocs_no_peufoto\" ><div id=\"div_g33gsblock-6-272\" class=\"ct-div-block\" ><img decoding=\"async\" loading=\"lazy\" id=\"image-gg31a7-272\" alt=\"\" src=\"https:\/\/www.albertsalvia.com\/wp-content\/uploads\/sites\/2\/w22-albertsalviatorre-035.jpg\" class=\"ct-image\"\/><\/div><\/div>\n\n<div id=\"div_block-asd2-272\" class=\"ct-div-block separador_blocs_no_peufoto\" ><div id=\"div_blo2casdfasdfak-6-272\" class=\"ct-div-block\" ><div id=\"div_blds3ock-13-272\" class=\"ct-div-block mida25\" ><div id=\"text_bl3d3ock-14-284\" class=\"ct-text-block\" ><div>Se realiza un cambio muy profundo a nivel de materiales pero es conserva este esp\u00edritu de \"torre\" gracias a la conservaci\u00f3n y \u00e9mfasis de los elementos caracter\u00edsticos que ya tiene el edificio: fachadas de tierra blancas, bigas sin pintura... Y se incorporan otros nuevos: el m\u00e1rmol de Macael, muy familiar, o el roble, el iroko y elementos de hierro negro trabajado de manera pr\u00e1cticamente artesana en un lenguaje actulizado.<\/div><div><br><\/div><div>Las mejoras bioclim\u00e1ticas permitan que se use la casa durante todo el a\u00f1o sin malgastar energ\u00eda. Cambiando carpinter\u00edas, a\u00f1adiendo mallorquinas, aislando en los puntos m\u00e1s desfaborables, etc\u00e9tera.<\/div><\/div><\/div><div id=\"div_blof2fck-12-272\" class=\"ct-div-block\" ><img decoding=\"async\" loading=\"lazy\" id=\"imagfd3e-7-272\" alt=\"\" src=\"https:\/\/www.albertsalvia.com\/wp-content\/uploads\/sites\/2\/03-0-generals-cmb-41-7-2.jpg\" class=\"ct-image\"\/><\/div><\/div><\/div>\n\n<div id=\"f3fddiv_block-2-272\" class=\"ct-div-block separador_blocs_in_proj\" ><div id=\"div_block-f3f116-272\" class=\"ct-div-block\" ><img decoding=\"async\" loading=\"lazy\" id=\"image-7-272rr22ff\" alt=\"\" src=\"https:\/\/www.albertsalvia.com\/wp-content\/uploads\/sites\/2\/w22-05-albertsalviatorre-021.jpg\" class=\"ct-image\"\/><\/div><div id=\"div_block-5-272xczx\" class=\"ct-div-block\" ><div id=\"text_blockxczx-16-272\" class=\"ct-text-block mida18\" >Adem\u00e1s de los existentes, los nuevos materiales siguen el hilo de la arquitectura vern\u00e1cula<\/div><\/div><\/div>\n\n<div id=\"d3f3hiv_block-2-272\" class=\"ct-div-block separador_blocs_no_peufoto\" ><div id=\"di7353753v_block-6-272\" class=\"ct-div-block\" ><div id=\"div_blo3753753ck-12-272\" class=\"ct-div-block\" ><img decoding=\"async\" loading=\"lazy\" id=\"image-7-272375375\" alt=\"\" src=\"https:\/\/www.albertsalvia.com\/es\/wp-content\/uploads\/sites\/2\/w22-albertsalviatorre-019-1.jpg\" class=\"ct-image\"\/><\/div><div id=\"div_b3753753lock-13-272\" class=\"ct-div-block\" ><img decoding=\"async\" loading=\"lazy\" id=\"image3753753-8-272\" alt=\"\" src=\"https:\/\/www.albertsalvia.com\/es\/wp-content\/uploads\/sites\/2\/w22-albertsalviatorre-045.jpg\" class=\"ct-image\"\/><\/div><\/div><\/div>\n\n<div id=\"divfdsf3_block-2-272\" class=\"ct-div-block separador_blocs_no_peufoto\" ><div id=\"div_g33gsblock-6-272\" class=\"ct-div-block\" ><img decoding=\"async\" loading=\"lazy\" id=\"image-gg31a7-272\" alt=\"\" src=\"https:\/\/www.albertsalvia.com\/wp-content\/uploads\/sites\/2\/w22-albertsalviatorre-077.jpg\" class=\"ct-image\"\/><\/div><\/div>\n\n<div id=\"d3f3hiv_block-2-272\" class=\"ct-div-block separador_blocs_no_peufoto\" ><div id=\"di7353753v_block-6-272\" class=\"ct-div-block\" ><div id=\"div_blo3753753ck-12-272\" class=\"ct-div-block\" ><img decoding=\"async\" loading=\"lazy\" id=\"image-7-272375375\" alt=\"\" src=\"https:\/\/www.albertsalvia.com\/wp-content\/uploads\/sites\/2\/03-0-generals-cmb-41-8.jpg\" class=\"ct-image\"\/><\/div><div id=\"div_b3753753lock-13-272\" class=\"ct-div-block\" ><img decoding=\"async\" loading=\"lazy\" id=\"image3753753-8-272\" alt=\"\" src=\"https:\/\/www.albertsalvia.com\/wp-content\/uploads\/sites\/2\/03-0-generals-cmb-41-6.jpg\" class=\"ct-image\"\/><\/div><\/div><\/div>\n\n<div id=\"f3fddiv_block-2-272\" class=\"ct-div-block separador_blocs_in_proj\" ><div id=\"div_block-f3f116-272\" class=\"ct-div-block\" ><img decoding=\"async\" loading=\"lazy\" id=\"image-7-272rr22ff\" alt=\"\" src=\"https:\/\/www.albertsalvia.com\/wp-content\/uploads\/sites\/2\/03-0-generals-cmb-41-9-1.jpg\" class=\"ct-image\"\/><\/div><div id=\"div_block-5-272xczx\" class=\"ct-div-block\" ><div id=\"text_blockxczx-16-272\" class=\"ct-text-block mida18\" >Todos los usos de la suite se unifican en un espacio comunicado a ambos lados de la cama<\/div><\/div><\/div>\n\n<div id=\"div_block-asd2-272\" class=\"ct-div-block separador_blocs_no_peufoto\" ><div id=\"div_blo2casdfasdfak-6-272\" class=\"ct-div-block\" ><div id=\"div_blds3ock-13-272\" class=\"ct-div-block mida25\" ><div id=\"text_bl3d3ock-14-284\" class=\"ct-text-block\" ><div>En lo que se refiere a la iluminaci\u00f3n, integramente con LED c\u00e1lido, combina la iluminaci\u00f3n t\u00e9cnica con vers\u00e1tiles focos sobre gu\u00edas o fijos, y una cuidada selecci\u00f3n de luces decorativas que destacan aquellos puntos que son necesarios.&nbsp;<\/div><div><br><\/div><div>Todo con el objetivo de poner por delante de todo el bienestar de sus habitantes, con una casa que, en esencia y, todav\u00eda hoy, se va construyendo para gozarla y compartirla.&nbsp;<\/div><\/div><\/div><div id=\"div_blof2fck-12-272\" class=\"ct-div-block\" ><img decoding=\"async\" loading=\"lazy\" id=\"imagfd3e-7-272\" alt=\"\" src=\"https:\/\/www.albertsalvia.com\/wp-content\/uploads\/sites\/2\/w22-09-albertsalviatorre-053.jpg\" class=\"ct-image\"\/><\/div><\/div><\/div>\n\n<div id=\"divfdsf3_block-2-272\" class=\"ct-div-block separador_blocs_no_peufoto\" ><div id=\"div_g33gsblock-6-272\" class=\"ct-div-block\" ><img decoding=\"async\" loading=\"lazy\" id=\"image-gg31a7-272\" alt=\"\" src=\"https:\/\/www.albertsalvia.com\/wp-content\/uploads\/sites\/2\/w22-11-albertsalviatorre-067.jpg\" class=\"ct-image\"\/><\/div><\/div>\n\n<div id=\"d3f3hiv_block-2-272\" class=\"ct-div-block separador_blocs_no_peufoto\" ><div id=\"di7353753v_block-6-272\" class=\"ct-div-block\" ><div id=\"div_blo3753753ck-12-272\" class=\"ct-div-block\" ><img decoding=\"async\" loading=\"lazy\" id=\"image-7-272375375\" alt=\"\" src=\"https:\/\/www.albertsalvia.com\/wp-content\/uploads\/sites\/2\/w22-13-albertsalviatorre-095.jpg\" class=\"ct-image\"\/><\/div><div id=\"div_b3753753lock-13-272\" class=\"ct-div-block\" ><img decoding=\"async\" loading=\"lazy\" id=\"image3753753-8-272\" alt=\"\" src=\"https:\/\/www.albertsalvia.com\/wp-content\/uploads\/sites\/2\/w22-12-albertsalviatorre-093.jpg\" class=\"ct-image\"\/><\/div><\/div><\/div>","protected":false},"template":"","meta":{"_acf_changed":false,"inline_featured_image":false,"footnotes":""},"categoria_projecte":[3],"class_list":["post-129","projecte","type-projecte","status-publish","hentry","categoria_projecte-residencial"],"acf":[],"yoast_head":"<!-- This site is optimized with the Yoast SEO plugin v27.5 - https:\/\/yoast.com\/product\/yoast-seo-wordpress\/ -->\n<title>Casa-torre CSL - Albert Salvia - Dissenyador d&#039;interiors<\/title>\n<meta name=\"robots\" content=\"index, follow, max-snippet:-1, max-image-preview:large, max-video-preview:-1\" \/>\n<link rel=\"canonical\" href=\"https:\/\/www.albertsalvia.com\/es\/projecte\/casa-torre-csl\/\" \/>\n<meta property=\"og:locale\" content=\"es_ES\" \/>\n<meta property=\"og:type\" content=\"article\" \/>\n<meta property=\"og:title\" content=\"Casa-torre CSL - Albert Salvia - Dissenyador d&#039;interiors\" \/>\n<meta property=\"og:url\" content=\"https:\/\/www.albertsalvia.com\/es\/projecte\/casa-torre-csl\/\" \/>\n<meta property=\"og:site_name\" content=\"Albert Salvia\" \/>\n<meta property=\"article:modified_time\" content=\"2022-12-30T16:23:32+00:00\" \/>\n<meta name=\"twitter:card\" content=\"summary_large_image\" \/>\n<script type=\"application\/ld+json\" class=\"yoast-schema-graph\">{\"@context\":\"https:\\\/\\\/schema.org\",\"@graph\":[{\"@type\":\"WebPage\",\"@id\":\"https:\\\/\\\/www.albertsalvia.com\\\/es\\\/projecte\\\/casa-torre-csl\\\/\",\"url\":\"https:\\\/\\\/www.albertsalvia.com\\\/es\\\/projecte\\\/casa-torre-csl\\\/\",\"name\":\"Casa-torre CSL - Albert Salvia - Dissenyador d&#039;interiors\",\"isPartOf\":{\"@id\":\"https:\\\/\\\/www.albertsalvia.com\\\/es\\\/#website\"},\"datePublished\":\"2022-05-29T18:56:54+00:00\",\"dateModified\":\"2022-12-30T16:23:32+00:00\",\"breadcrumb\":{\"@id\":\"https:\\\/\\\/www.albertsalvia.com\\\/es\\\/projecte\\\/casa-torre-csl\\\/#breadcrumb\"},\"inLanguage\":\"es\",\"potentialAction\":[{\"@type\":\"ReadAction\",\"target\":[\"https:\\\/\\\/www.albertsalvia.com\\\/es\\\/projecte\\\/casa-torre-csl\\\/\"]}]},{\"@type\":\"BreadcrumbList\",\"@id\":\"https:\\\/\\\/www.albertsalvia.com\\\/es\\\/projecte\\\/casa-torre-csl\\\/#breadcrumb\",\"itemListElement\":[{\"@type\":\"ListItem\",\"position\":1,\"name\":\"Portada\",\"item\":\"https:\\\/\\\/www.albertsalvia.com\\\/es\\\/\"},{\"@type\":\"ListItem\",\"position\":2,\"name\":\"Projectes\",\"item\":\"https:\\\/\\\/www.albertsalvia.com\\\/es\\\/projectes\\\/\"},{\"@type\":\"ListItem\",\"position\":3,\"name\":\"Casa-torre CSL\"}]},{\"@type\":\"WebSite\",\"@id\":\"https:\\\/\\\/www.albertsalvia.com\\\/es\\\/#website\",\"url\":\"https:\\\/\\\/www.albertsalvia.com\\\/es\\\/\",\"name\":\"Albert Salvia\",\"description\":\"Dissenyador d&#039;interiors\",\"potentialAction\":[{\"@type\":\"SearchAction\",\"target\":{\"@type\":\"EntryPoint\",\"urlTemplate\":\"https:\\\/\\\/www.albertsalvia.com\\\/es\\\/?s={search_term_string}\"},\"query-input\":{\"@type\":\"PropertyValueSpecification\",\"valueRequired\":true,\"valueName\":\"search_term_string\"}}],\"inLanguage\":\"es\"}]}<\/script>\n<!-- \/ Yoast SEO plugin. -->","yoast_head_json":{"title":"Casa-torre CSL - Albert Salvia - Dissenyador d&#039;interiors","robots":{"index":"index","follow":"follow","max-snippet":"max-snippet:-1","max-image-preview":"max-image-preview:large","max-video-preview":"max-video-preview:-1"},"canonical":"https:\/\/www.albertsalvia.com\/es\/projecte\/casa-torre-csl\/","og_locale":"es_ES","og_type":"article","og_title":"Casa-torre CSL - Albert Salvia - Dissenyador d&#039;interiors","og_url":"https:\/\/www.albertsalvia.com\/es\/projecte\/casa-torre-csl\/","og_site_name":"Albert Salvia","article_modified_time":"2022-12-30T16:23:32+00:00","twitter_card":"summary_large_image","schema":{"@context":"https:\/\/schema.org","@graph":[{"@type":"WebPage","@id":"https:\/\/www.albertsalvia.com\/es\/projecte\/casa-torre-csl\/","url":"https:\/\/www.albertsalvia.com\/es\/projecte\/casa-torre-csl\/","name":"Casa-torre CSL - Albert Salvia - Dissenyador d&#039;interiors","isPartOf":{"@id":"https:\/\/www.albertsalvia.com\/es\/#website"},"datePublished":"2022-05-29T18:56:54+00:00","dateModified":"2022-12-30T16:23:32+00:00","breadcrumb":{"@id":"https:\/\/www.albertsalvia.com\/es\/projecte\/casa-torre-csl\/#breadcrumb"},"inLanguage":"es","potentialAction":[{"@type":"ReadAction","target":["https:\/\/www.albertsalvia.com\/es\/projecte\/casa-torre-csl\/"]}]},{"@type":"BreadcrumbList","@id":"https:\/\/www.albertsalvia.com\/es\/projecte\/casa-torre-csl\/#breadcrumb","itemListElement":[{"@type":"ListItem","position":1,"name":"Portada","item":"https:\/\/www.albertsalvia.com\/es\/"},{"@type":"ListItem","position":2,"name":"Projectes","item":"https:\/\/www.albertsalvia.com\/es\/projectes\/"},{"@type":"ListItem","position":3,"name":"Casa-torre CSL"}]},{"@type":"WebSite","@id":"https:\/\/www.albertsalvia.com\/es\/#website","url":"https:\/\/www.albertsalvia.com\/es\/","name":"Albert Salvia","description":"Dissenyador d&#039;interiors","potentialAction":[{"@type":"SearchAction","target":{"@type":"EntryPoint","urlTemplate":"https:\/\/www.albertsalvia.com\/es\/?s={search_term_string}"},"query-input":{"@type":"PropertyValueSpecification","valueRequired":true,"valueName":"search_term_string"}}],"inLanguage":"es"}]}},"_links":{"self":[{"href":"https:\/\/www.albertsalvia.com\/es\/wp-json\/wp\/v2\/projecte\/129","targetHints":{"allow":["GET"]}}],"collection":[{"href":"https:\/\/www.albertsalvia.com\/es\/wp-json\/wp\/v2\/projecte"}],"about":[{"href":"https:\/\/www.albertsalvia.com\/es\/wp-json\/wp\/v2\/types\/projecte"}],"version-history":[{"count":5,"href":"https:\/\/www.albertsalvia.com\/es\/wp-json\/wp\/v2\/projecte\/129\/revisions"}],"predecessor-version":[{"id":1132,"href":"https:\/\/www.albertsalvia.com\/es\/wp-json\/wp\/v2\/projecte\/129\/revisions\/1132"}],"wp:attachment":[{"href":"https:\/\/www.albertsalvia.com\/es\/wp-json\/wp\/v2\/media?parent=129"}],"wp:term":[{"taxonomy":"categoria_projecte","embeddable":true,"href":"https:\/\/www.albertsalvia.com\/es\/wp-json\/wp\/v2\/categoria_projecte?post=129"}],"curies":[{"name":"wp","href":"https:\/\/api.w.org\/{rel}","templated":true}]}}