{"id":135,"date":"2022-06-04T07:59:22","date_gmt":"2022-06-04T05:59:22","guid":{"rendered":"https:\/\/www.albertsalvia.com\/?post_type=projecte&#038;p=135"},"modified":"2025-03-13T17:41:22","modified_gmt":"2025-03-13T16:41:22","slug":"duplex-dhl","status":"publish","type":"projecte","link":"https:\/\/www.albertsalvia.com\/es\/projecte\/duplex-dhl\/","title":{"rendered":"D\u00faplex DHL"},"content":{"rendered":"<div id=\"f3fddiv_block-2-272\" class=\"ct-div-block separador_blocs_in_proj\" ><div id=\"div_block-f3f116-272\" class=\"ct-div-block\" ><img decoding=\"async\" loading=\"lazy\" id=\"image-7-272rr22ff\" alt=\"\" src=\"https:\/\/www.albertsalvia.com\/wp-content\/uploads\/sites\/2\/03-004-albertsalvia-duplex-mod.jpg\" class=\"ct-image\"\/><\/div><div id=\"div_block-5-272xczx\" class=\"ct-div-block\" ><div id=\"text_blockxczx-16-272\" class=\"ct-text-block mida18\" >Los espacios abiertos garantizan la capacidad de la familia de estar junta y, a su vez, ampl\u00eda la sensacion espacial en conjuntos muy reducidos<\/div><\/div><\/div>\n\n<div id=\"div_block-asd2-272\" class=\"ct-div-block separador_blocs_no_peufoto\" ><div id=\"div_blo2casdfasdfak-6-272\" class=\"ct-div-block\" ><div id=\"div_blds3ock-13-272\" class=\"ct-div-block mida25\" ><div id=\"text_bl3d3ock-14-284\" class=\"ct-text-block\" >Este proyecto es el resultado de unir dos d\u00faplex para las caracter\u00edsticas y necesidades propias de la familia que tiene que habitarla. Ofrecer la posibilidad de seguir viviendo en el centro de la ciudad sin tener que prescindir de pr\u00e1cticamente nada. Siendo muy cierta la dicha de \"cada casa es mundo\", es muy complicado encontrar pisos que re\u00fanan las necesidades de todas las familias, por lo que algunas veces es necesario darle un giro a la casa para hacerla propia y a medida de las necesidades propias.<\/div><\/div><div id=\"div_blof2fck-12-272\" class=\"ct-div-block\" ><img decoding=\"async\" loading=\"lazy\" id=\"imagfd3e-7-272\" alt=\"\" src=\"https:\/\/www.albertsalvia.com\/wp-content\/uploads\/sites\/2\/p17-015-albertsalvia-duplex.jpg\" class=\"ct-image\"\/><\/div><\/div><\/div>\n\n<div id=\"div_blnmjock-2-272\" class=\"ct-div-block separador_blocs_in_proj\" ><div id=\"div_blohjkhck-6-272\" class=\"ct-div-block\" ><div id=\"div_block7kk-12-272\" class=\"ct-div-block\" ><img decoding=\"async\" loading=\"lazy\" id=\"image-7k7kg-272\" alt=\"\" src=\"https:\/\/www.albertsalvia.com\/wp-content\/uploads\/sites\/2\/02-021-albertsalvia-duplex.jpg\" class=\"ct-image\"\/><\/div><div id=\"div_kg6kblock-13-272\" class=\"ct-div-block\" ><img decoding=\"async\" loading=\"lazy\" id=\"image-8-272l7l\" alt=\"\" src=\"https:\/\/www.albertsalvia.com\/wp-content\/uploads\/sites\/2\/05-061-albertsalvia-duplex.jpg\" class=\"ct-image\"\/><\/div><\/div><div id=\"div_block-5-272l66l\" class=\"ct-div-block\" ><div id=\"text_block-16-272k55h\" class=\"ct-text-block mida18\" >Una distribuci\u00f3n c\u00f3moda, para un d\u00eda a d\u00eda de calidad<\/div><\/div><\/div>\n\n<div id=\"div_blofsd3ck-2-272\" class=\"ct-div-block separador_blocs_no_peufoto\" ><div id=\"div_block-6-272t3gg\" class=\"ct-div-block\" ><div id=\"div_block-12-272g3rr\" class=\"ct-div-block\" ><img decoding=\"async\" loading=\"lazy\" id=\"image-7-272pop\" alt=\"\" src=\"https:\/\/www.albertsalvia.com\/wp-content\/uploads\/sites\/2\/04-038-albertsalvia-duplex.jpg\" class=\"ct-image\"\/><\/div><div id=\"div_block-opo13-272\" class=\"ct-div-block mida25\" ><div id=\"text_block-opo14-284\" class=\"ct-text-block\" ><div>Con la uni\u00f3n de los dos d\u00faplex (unidos por la planta superior per\u00f2 no la inferior) esta nueva vivienda ofrece la posibilidad de vivir separada o conjuntamente en funci\u00f3n del d\u00eda y de las necesidades en el transcurso de este. Una parte de la casa est\u00e1 concebida como vivienda familiar, abierta para vivir en conjunto, compartir con la familia y amigos; mientras que la otra ofrece la posibilidad de vivir independientemente, como si se tratara de un apartamento dentro de otro piso. En el nuevo piso, se crea una zona de d\u00eda idea para sus necesidades, ofreciendo la posibilidad de estar todos juntos, de participar familiarmente de la cocina; conjuntamente en un espacio de sal\u00f3n con elementos m\u00f3biles, con ruedas o ligeros para transformarlo r\u00e1pidamente en funci\u00f3n del momento y la situaci\u00f3n.<\/div><\/div><\/div><\/div><\/div>\n\n<div id=\"f3fddiv_block-2-272\" class=\"ct-div-block separador_blocs_in_proj\" ><div id=\"div_block-f3f116-272\" class=\"ct-div-block\" ><img decoding=\"async\" loading=\"lazy\" id=\"image-7-272rr22ff\" alt=\"\" src=\"https:\/\/www.albertsalvia.com\/wp-content\/uploads\/sites\/2\/08-076-albertsalvia-duplex.jpg\" class=\"ct-image\"\/><\/div><div id=\"div_block-5-272xczx\" class=\"ct-div-block\" ><div id=\"text_blockxczx-16-272\" class=\"ct-text-block mida18\" >Un dormitorio tipo suite con continuidad crom\u00e1tica y de materiales, fortalece la sensaci\u00f3n de grandes espacios<\/div><\/div><\/div>\n\n<div id=\"f3fddiv_block-2-272\" class=\"ct-div-block separador_blocs_in_proj\" ><div id=\"div_block-f3f116-272\" class=\"ct-div-block\" ><img decoding=\"async\" loading=\"lazy\" id=\"image-7-272rr22ff\" alt=\"\" src=\"https:\/\/www.albertsalvia.com\/wp-content\/uploads\/sites\/2\/07-073-albertsalvia-duplex.jpg\" class=\"ct-image\"\/><\/div><div id=\"div_block-5-272xczx\" class=\"ct-div-block\" ><div id=\"text_blockxczx-16-272\" class=\"ct-text-block mida18\" >La terraza ajardinada a la que se vuelca la suite permite evadirse y huir de la sensaci\u00f3n de estar en el centro de la ciudad<\/div><\/div><\/div>\n\n<div id=\"d3f3hiv_block-2-272\" class=\"ct-div-block separador_blocs_no_peufoto\" ><div id=\"di7353753v_block-6-272\" class=\"ct-div-block\" ><div id=\"div_blo3753753ck-12-272\" class=\"ct-div-block\" ><img decoding=\"async\" loading=\"lazy\" id=\"image-7-272375375\" alt=\"\" src=\"https:\/\/www.albertsalvia.com\/wp-content\/uploads\/sites\/2\/10-148-albertsalvia-duplex.jpg\" class=\"ct-image\"\/><\/div><div id=\"div_b3753753lock-13-272\" class=\"ct-div-block\" ><img decoding=\"async\" loading=\"lazy\" id=\"image3753753-8-272\" alt=\"\" src=\"https:\/\/www.albertsalvia.com\/wp-content\/uploads\/sites\/2\/137-albertsalvia-duplex.jpg\" class=\"ct-image\"\/><\/div><\/div><\/div>\n\n<div id=\"div_blofsd3ck-2-272\" class=\"ct-div-block separador_blocs_no_peufoto\" ><div id=\"div_block-6-272t3gg\" class=\"ct-div-block\" ><div id=\"div_block-12-272g3rr\" class=\"ct-div-block\" ><img decoding=\"async\" loading=\"lazy\" id=\"image-7-272pop\" alt=\"\" src=\"https:\/\/www.albertsalvia.com\/wp-content\/uploads\/sites\/2\/11-145-albertsalvia-duplex.jpg\" class=\"ct-image\"\/><\/div><div id=\"div_block-opo13-272\" class=\"ct-div-block mida25\" ><div id=\"text_block-opo14-284\" class=\"ct-text-block\" ><div>La zona de noche, en la planta superior, incluye dos habitaciones hechas a medida. La principal, con acceso a la terraza \u00edntima con vistas, y tipo suite es totalmente abierta. La otra, juvenil y muy luminosa, con espacio para el estudio, el ocio, el descanso y para compartir con amigos. Comunicando ambos espacio, un largo pasillo polivalente, que tiene escondidos dos grandes vestidores i la zona de lavander\u00eda.&nbsp;<\/div><div><br><\/div><div>Finalmente dentro del objetivo de aprovechar al m\u00e1ximo los espacios, se convierte el antiguo comedor en un espacio polifuncional, a modo de sal\u00f3n comedor del apartamento (en la otra planta baja), habitaci\u00f3n de invitados, punto de teletrabajo, estudio, juego y sitio para ver una pel\u00edcula en familia.&nbsp;<\/div><\/div><\/div><\/div><\/div>\n\n<div id=\"f3fddiv_block-2-272\" class=\"ct-div-block separador_blocs_in_proj\" ><div id=\"div_block-f3f116-272\" class=\"ct-div-block\" ><img decoding=\"async\" loading=\"lazy\" id=\"image-7-272rr22ff\" alt=\"\" src=\"https:\/\/www.albertsalvia.com\/wp-content\/uploads\/sites\/2\/12-109-albertsalvia-duplex.jpg\" class=\"ct-image\"\/><\/div><div id=\"div_block-5-272xczx\" class=\"ct-div-block\" ><div id=\"text_blockxczx-16-272\" class=\"ct-text-block mida18\" >Las grandes habitaciones permiten, a sus habitantes, disponer de espacios individualizados, reconfortantes y, a su vez, m\u00e1s privados<\/div><\/div><\/div>\n\n<div id=\"f3fddiv_block-2-272\" class=\"ct-div-block separador_blocs_in_proj\" ><div id=\"div_block-f3f116-272\" class=\"ct-div-block\" ><img decoding=\"async\" loading=\"lazy\" id=\"image-7-272rr22ff\" alt=\"\" src=\"https:\/\/www.albertsalvia.com\/wp-content\/uploads\/sites\/2\/14-121-albertsalvia-duplex.jpg\" class=\"ct-image\"\/><\/div><div id=\"div_block-5-272xczx\" class=\"ct-div-block\" ><div id=\"text_blockxczx-16-272\" class=\"ct-text-block mida18\" >La versatilidad permite que espacios muy agradables puedan funcionar a su vez como segundo sal\u00f3n, comedor, estudio y habitaci\u00f3n de invitados<\/div><\/div><\/div>\n\n<div id=\"divfdsf3_block-2-272\" class=\"ct-div-block separador_blocs_no_peufoto\" ><div id=\"div_g33gsblock-6-272\" class=\"ct-div-block\" ><img decoding=\"async\" loading=\"lazy\" id=\"image-gg31a7-272\" alt=\"\" src=\"https:\/\/www.albertsalvia.com\/es\/wp-content\/uploads\/sites\/2\/19-dhl.jpg\" class=\"ct-image\"\/><\/div><\/div>","protected":false},"template":"","meta":{"_acf_changed":false,"inline_featured_image":false,"footnotes":""},"categoria_projecte":[3],"class_list":["post-135","projecte","type-projecte","status-publish","hentry","categoria_projecte-residencial"],"acf":[],"yoast_head":"<!-- This site is optimized with the Yoast SEO plugin v27.5 - https:\/\/yoast.com\/product\/yoast-seo-wordpress\/ -->\n<title>D\u00faplex DHL - Albert Salvia - Dissenyador d&#039;interiors<\/title>\n<meta name=\"robots\" content=\"index, follow, max-snippet:-1, max-image-preview:large, max-video-preview:-1\" \/>\n<link rel=\"canonical\" href=\"https:\/\/www.albertsalvia.com\/es\/projecte\/duplex-dhl\/\" \/>\n<meta property=\"og:locale\" content=\"es_ES\" \/>\n<meta property=\"og:type\" content=\"article\" \/>\n<meta property=\"og:title\" content=\"D\u00faplex DHL - Albert Salvia - Dissenyador d&#039;interiors\" \/>\n<meta property=\"og:url\" content=\"https:\/\/www.albertsalvia.com\/es\/projecte\/duplex-dhl\/\" \/>\n<meta property=\"og:site_name\" content=\"Albert Salvia\" \/>\n<meta property=\"article:modified_time\" content=\"2025-03-13T16:41:22+00:00\" \/>\n<meta name=\"twitter:card\" content=\"summary_large_image\" \/>\n<script type=\"application\/ld+json\" class=\"yoast-schema-graph\">{\"@context\":\"https:\\\/\\\/schema.org\",\"@graph\":[{\"@type\":\"WebPage\",\"@id\":\"https:\\\/\\\/www.albertsalvia.com\\\/es\\\/projecte\\\/duplex-dhl\\\/\",\"url\":\"https:\\\/\\\/www.albertsalvia.com\\\/es\\\/projecte\\\/duplex-dhl\\\/\",\"name\":\"D\u00faplex DHL - Albert Salvia - Dissenyador d&#039;interiors\",\"isPartOf\":{\"@id\":\"https:\\\/\\\/www.albertsalvia.com\\\/es\\\/#website\"},\"datePublished\":\"2022-06-04T05:59:22+00:00\",\"dateModified\":\"2025-03-13T16:41:22+00:00\",\"breadcrumb\":{\"@id\":\"https:\\\/\\\/www.albertsalvia.com\\\/es\\\/projecte\\\/duplex-dhl\\\/#breadcrumb\"},\"inLanguage\":\"es\",\"potentialAction\":[{\"@type\":\"ReadAction\",\"target\":[\"https:\\\/\\\/www.albertsalvia.com\\\/es\\\/projecte\\\/duplex-dhl\\\/\"]}]},{\"@type\":\"BreadcrumbList\",\"@id\":\"https:\\\/\\\/www.albertsalvia.com\\\/es\\\/projecte\\\/duplex-dhl\\\/#breadcrumb\",\"itemListElement\":[{\"@type\":\"ListItem\",\"position\":1,\"name\":\"Portada\",\"item\":\"https:\\\/\\\/www.albertsalvia.com\\\/es\\\/\"},{\"@type\":\"ListItem\",\"position\":2,\"name\":\"Projectes\",\"item\":\"https:\\\/\\\/www.albertsalvia.com\\\/es\\\/projectes\\\/\"},{\"@type\":\"ListItem\",\"position\":3,\"name\":\"D\u00faplex DHL\"}]},{\"@type\":\"WebSite\",\"@id\":\"https:\\\/\\\/www.albertsalvia.com\\\/es\\\/#website\",\"url\":\"https:\\\/\\\/www.albertsalvia.com\\\/es\\\/\",\"name\":\"Albert Salvia\",\"description\":\"Dissenyador d&#039;interiors\",\"potentialAction\":[{\"@type\":\"SearchAction\",\"target\":{\"@type\":\"EntryPoint\",\"urlTemplate\":\"https:\\\/\\\/www.albertsalvia.com\\\/es\\\/?s={search_term_string}\"},\"query-input\":{\"@type\":\"PropertyValueSpecification\",\"valueRequired\":true,\"valueName\":\"search_term_string\"}}],\"inLanguage\":\"es\"}]}<\/script>\n<!-- \/ Yoast SEO plugin. -->","yoast_head_json":{"title":"D\u00faplex DHL - Albert Salvia - Dissenyador d&#039;interiors","robots":{"index":"index","follow":"follow","max-snippet":"max-snippet:-1","max-image-preview":"max-image-preview:large","max-video-preview":"max-video-preview:-1"},"canonical":"https:\/\/www.albertsalvia.com\/es\/projecte\/duplex-dhl\/","og_locale":"es_ES","og_type":"article","og_title":"D\u00faplex DHL - Albert Salvia - Dissenyador d&#039;interiors","og_url":"https:\/\/www.albertsalvia.com\/es\/projecte\/duplex-dhl\/","og_site_name":"Albert Salvia","article_modified_time":"2025-03-13T16:41:22+00:00","twitter_card":"summary_large_image","schema":{"@context":"https:\/\/schema.org","@graph":[{"@type":"WebPage","@id":"https:\/\/www.albertsalvia.com\/es\/projecte\/duplex-dhl\/","url":"https:\/\/www.albertsalvia.com\/es\/projecte\/duplex-dhl\/","name":"D\u00faplex DHL - Albert Salvia - Dissenyador d&#039;interiors","isPartOf":{"@id":"https:\/\/www.albertsalvia.com\/es\/#website"},"datePublished":"2022-06-04T05:59:22+00:00","dateModified":"2025-03-13T16:41:22+00:00","breadcrumb":{"@id":"https:\/\/www.albertsalvia.com\/es\/projecte\/duplex-dhl\/#breadcrumb"},"inLanguage":"es","potentialAction":[{"@type":"ReadAction","target":["https:\/\/www.albertsalvia.com\/es\/projecte\/duplex-dhl\/"]}]},{"@type":"BreadcrumbList","@id":"https:\/\/www.albertsalvia.com\/es\/projecte\/duplex-dhl\/#breadcrumb","itemListElement":[{"@type":"ListItem","position":1,"name":"Portada","item":"https:\/\/www.albertsalvia.com\/es\/"},{"@type":"ListItem","position":2,"name":"Projectes","item":"https:\/\/www.albertsalvia.com\/es\/projectes\/"},{"@type":"ListItem","position":3,"name":"D\u00faplex DHL"}]},{"@type":"WebSite","@id":"https:\/\/www.albertsalvia.com\/es\/#website","url":"https:\/\/www.albertsalvia.com\/es\/","name":"Albert Salvia","description":"Dissenyador d&#039;interiors","potentialAction":[{"@type":"SearchAction","target":{"@type":"EntryPoint","urlTemplate":"https:\/\/www.albertsalvia.com\/es\/?s={search_term_string}"},"query-input":{"@type":"PropertyValueSpecification","valueRequired":true,"valueName":"search_term_string"}}],"inLanguage":"es"}]}},"_links":{"self":[{"href":"https:\/\/www.albertsalvia.com\/es\/wp-json\/wp\/v2\/projecte\/135","targetHints":{"allow":["GET"]}}],"collection":[{"href":"https:\/\/www.albertsalvia.com\/es\/wp-json\/wp\/v2\/projecte"}],"about":[{"href":"https:\/\/www.albertsalvia.com\/es\/wp-json\/wp\/v2\/types\/projecte"}],"version-history":[{"count":6,"href":"https:\/\/www.albertsalvia.com\/es\/wp-json\/wp\/v2\/projecte\/135\/revisions"}],"predecessor-version":[{"id":1195,"href":"https:\/\/www.albertsalvia.com\/es\/wp-json\/wp\/v2\/projecte\/135\/revisions\/1195"}],"wp:attachment":[{"href":"https:\/\/www.albertsalvia.com\/es\/wp-json\/wp\/v2\/media?parent=135"}],"wp:term":[{"taxonomy":"categoria_projecte","embeddable":true,"href":"https:\/\/www.albertsalvia.com\/es\/wp-json\/wp\/v2\/categoria_projecte?post=135"}],"curies":[{"name":"wp","href":"https:\/\/api.w.org\/{rel}","templated":true}]}}