{"id":138,"date":"2023-02-09T17:24:55","date_gmt":"2023-02-09T16:24:55","guid":{"rendered":"https:\/\/www.albertsalvia.com\/?post_type=projecte&#038;p=138"},"modified":"2025-03-13T17:42:09","modified_gmt":"2025-03-13T16:42:09","slug":"casa-cvj","status":"publish","type":"projecte","link":"https:\/\/www.albertsalvia.com\/es\/projecte\/casa-cvj\/","title":{"rendered":"Casa CVJ"},"content":{"rendered":"<div id=\"divfdsf3_block-2-272\" class=\"ct-div-block separador_blocs_no_peufoto\" ><div id=\"div_g33gsblock-6-272\" class=\"ct-div-block\" ><img decoding=\"async\" loading=\"lazy\" id=\"image-gg31a7-272\" alt=\"\" src=\"https:\/\/www.albertsalvia.com\/wp-content\/uploads\/w2-mcb-8316.jpg\" class=\"ct-image\"\/><\/div><\/div>\n\n<div id=\"d3f3hiv_block-2-272\" class=\"ct-div-block separador_blocs_no_peufoto\" ><div id=\"di7353753v_block-6-272\" class=\"ct-div-block\" ><div id=\"div_blo3753753ck-12-272\" class=\"ct-div-block\" ><img decoding=\"async\" loading=\"lazy\" id=\"image-7-272375375\" alt=\"\" src=\"https:\/\/www.albertsalvia.com\/wp-content\/uploads\/w2-cvj-011-editar.jpg\" class=\"ct-image\"\/><\/div><div id=\"div_b3753753lock-13-272\" class=\"ct-div-block\" ><img decoding=\"async\" loading=\"lazy\" id=\"image3753753-8-272\" alt=\"\" src=\"https:\/\/www.albertsalvia.com\/wp-content\/uploads\/w2-cvj-017.jpg\" class=\"ct-image\"\/><\/div><\/div><\/div>\n\n<div id=\"div_block-asd2-272\" class=\"ct-div-block separador_blocs_no_peufoto\" ><div id=\"div_blo2casdfasdfak-6-272\" class=\"ct-div-block\" ><div id=\"div_blds3ock-13-272\" class=\"ct-div-block mida25\" ><div id=\"text_bl3d3ock-14-284\" class=\"ct-text-block\" >Una nueva vida para una casa de pueblo, para un nuevo uso, una nueva manera de funcionar mas acorde con las necesidades espec\u00edficas de quien tiene que habitarlo; una actulizaci\u00f3n en lo que se refiere a eficiencia, aisalamentos, nuevas teconolog\u00edas y maneras de construir.<div><div><br><\/div><div>Una segunda residencia para el descanso para ir al pueblo, recibir amistades, cocinar en familia, puntualmente adelantar faena o simplemente estar a gusto en casa.<\/div><\/div><\/div><\/div><div id=\"div_blof2fck-12-272\" class=\"ct-div-block\" ><img decoding=\"async\" loading=\"lazy\" id=\"imagfd3e-7-272\" alt=\"\" src=\"https:\/\/www.albertsalvia.com\/wp-content\/uploads\/w2-mcb-8303.jpg\" class=\"ct-image\"\/><\/div><\/div><\/div>\n\n<div id=\"divfdsf3_block-2-272\" class=\"ct-div-block separador_blocs_no_peufoto\" ><div id=\"div_g33gsblock-6-272\" class=\"ct-div-block\" ><img decoding=\"async\" loading=\"lazy\" id=\"image-gg31a7-272\" alt=\"\" src=\"https:\/\/www.albertsalvia.com\/wp-content\/uploads\/w2-cvj-038-editar.jpg\" class=\"ct-image\"\/><\/div><\/div>\n\n<div id=\"f3fddiv_block-2-272\" class=\"ct-div-block separador_blocs_in_proj\" ><div id=\"div_block-f3f116-272\" class=\"ct-div-block\" ><img decoding=\"async\" loading=\"lazy\" id=\"image-7-272rr22ff\" alt=\"\" src=\"https:\/\/www.albertsalvia.com\/wp-content\/uploads\/w2-cvj-056-editar.jpg\" class=\"ct-image\"\/><\/div><div id=\"div_block-5-272xczx\" class=\"ct-div-block\" ><div id=\"text_blockxczx-16-272\" class=\"ct-text-block mida18\" >Elementos propios del hogar m\u00e1s \u00edntimo como la chimenea, hacen de m\u00e1s humanas las amplias proporciones de los espacios<\/div><\/div><\/div>\n\n<div id=\"divfdsf3_block-2-272\" class=\"ct-div-block separador_blocs_no_peufoto\" ><div id=\"div_g33gsblock-6-272\" class=\"ct-div-block\" ><img decoding=\"async\" loading=\"lazy\" id=\"image-gg31a7-272\" alt=\"\" src=\"https:\/\/www.albertsalvia.com\/wp-content\/uploads\/w2-mcb-8330.jpg\" class=\"ct-image\"\/><\/div><\/div>\n\n<div id=\"f3fddiv_block-2-272\" class=\"ct-div-block separador_blocs_in_proj\" ><div id=\"div_block-f3f116-272\" class=\"ct-div-block\" ><img decoding=\"async\" loading=\"lazy\" id=\"image-7-272rr22ff\" alt=\"\" src=\"https:\/\/www.albertsalvia.com\/wp-content\/uploads\/cvj-051-carroussel.jpg\" class=\"ct-image\"\/><\/div><div id=\"div_block-5-272xczx\" class=\"ct-div-block\" ><div id=\"text_blockxczx-16-272\" class=\"ct-text-block mida18\" >La acurada restricci\u00f3n de materiales ponen en valor aquellos elementos que el habitante a\u00f1ade para perzonalizar y hacer suyo el espacio<\/div><\/div><\/div>\n\n<div id=\"divfdsf3_block-2-272\" class=\"ct-div-block separador_blocs_no_peufoto\" ><div id=\"div_g33gsblock-6-272\" class=\"ct-div-block\" ><img decoding=\"async\" loading=\"lazy\" id=\"image-gg31a7-272\" alt=\"\" src=\"https:\/\/www.albertsalvia.com\/wp-content\/uploads\/w2-mcb-8340.jpg\" class=\"ct-image\"\/><\/div><\/div>\n\n<div id=\"div_block-asd2-272\" class=\"ct-div-block separador_blocs_no_peufoto\" ><div id=\"div_blo2casdfasdfak-6-272\" class=\"ct-div-block\" ><div id=\"div_blds3ock-13-272\" class=\"ct-div-block mida25\" ><div id=\"text_bl3d3ock-14-284\" class=\"ct-text-block\" ><div>Con dos elementos centrales -la escalera y el nucleo de lavado- como punto de partida, marcados por la arquitectura se deja el resto con amplios y simples espacios tal y como han sido reclamados en el programa de necesidades. Desde este punto se impregna todo el conjunto: es la marca de estilo del resto. En este nucleo encontramos adem\u00e1s las funciones de lavander\u00eda, por una cara, el armario de recibidor y el mueble bufete con librer\u00eda abierto al comedor. En este punto ya encontramos todos los elementos que encontraremos en el resto del hogar: el tablero marinero de abedul, el mdf lacado mate, los tiradores de solapa y el hierro negro que enmarca el cristal armado que da luz al ba\u00f1o. Desde aqu\u00ed, y con el mismo lenguaje, se realizan z\u00f3calos, el cabecero del dormitorio, el mueble de chimenea y televisor y un amplio escritorio de la zona de estar.&nbsp;<\/div><div><br><\/div><div>La cocina, aun siendo visible desde todo el conjunto, marca contraste. Con la madera laminada antimanchas de textura sedosa en color gris, que le otorga elegancia. Aun con eso en esta se mantienen elementos propios del ya citado hilo conductor, los mismos tiradores de solapa negros, un nicho cenral de madera de abedul y los mismos elementos lum\u00ednicos.<\/div><\/div><\/div><div id=\"div_blof2fck-12-272\" class=\"ct-div-block\" ><img decoding=\"async\" loading=\"lazy\" id=\"imagfd3e-7-272\" alt=\"\" src=\"https:\/\/www.albertsalvia.com\/wp-content\/uploads\/w2-cvj-064-editar.jpg\" class=\"ct-image\"\/><\/div><\/div><\/div>\n\n<div id=\"f3fddiv_block-2-272\" class=\"ct-div-block separador_blocs_in_proj\" ><div id=\"div_block-f3f116-272\" class=\"ct-div-block\" ><img decoding=\"async\" loading=\"lazy\" id=\"image-7-272rr22ff\" alt=\"\" src=\"https:\/\/www.albertsalvia.com\/wp-content\/uploads\/w2-cvj-065-editar.jpg\" class=\"ct-image\"\/><\/div><div id=\"div_block-5-272xczx\" class=\"ct-div-block\" ><div id=\"text_blockxczx-16-272\" class=\"ct-text-block mida18\" >La gran nota de color se encuentra, a modo de sorpresa, en este mueble turquesa dentro del ba\u00f1o&nbsp;<\/div><\/div><\/div>\n\n<div id=\"divfdsf3_block-2-272\" class=\"ct-div-block separador_blocs_no_peufoto\" ><div id=\"div_g33gsblock-6-272\" class=\"ct-div-block\" ><img decoding=\"async\" loading=\"lazy\" id=\"image-gg31a7-272\" alt=\"\" src=\"https:\/\/www.albertsalvia.com\/wp-content\/uploads\/w2-cvj-072-editar.jpg\" class=\"ct-image\"\/><\/div><\/div>\n\n<div id=\"f3fddiv_block-2-272\" class=\"ct-div-block separador_blocs_in_proj\" ><div id=\"div_block-f3f116-272\" class=\"ct-div-block\" ><img decoding=\"async\" loading=\"lazy\" id=\"image-7-272rr22ff\" alt=\"\" src=\"https:\/\/www.albertsalvia.com\/wp-content\/uploads\/w2-cvj-083-editar.jpg\" class=\"ct-image\"\/><\/div><div id=\"div_block-5-272xczx\" class=\"ct-div-block\" ><div id=\"text_blockxczx-16-272\" class=\"ct-text-block mida18\" >El hilo conductor de toda la casa son los materiales que se repiten en todos los espacios, desde la zona de d\u00eda hasta las habitaciones<\/div><\/div><\/div>\n\n<div id=\"divfdsf3_block-2-272\" class=\"ct-div-block separador_blocs_no_peufoto\" ><div id=\"div_g33gsblock-6-272\" class=\"ct-div-block\" ><img decoding=\"async\" loading=\"lazy\" id=\"image-gg31a7-272\" alt=\"\" src=\"https:\/\/www.albertsalvia.com\/wp-content\/uploads\/w2-cvj-086-editar.jpg\" class=\"ct-image\"\/><\/div><\/div>\n\n<div id=\"div_block-asd2-272\" class=\"ct-div-block separador_blocs_no_peufoto\" ><div id=\"div_blo2casdfasdfak-6-272\" class=\"ct-div-block\" ><div id=\"div_blds3ock-13-272\" class=\"ct-div-block mida25\" ><div id=\"text_bl3d3ock-14-284\" class=\"ct-text-block\" >A pesar de tratarse de una profunda reforma con una puesta al d\u00eda en todos los sentidos, se ha procurado respetar ciertos elementos originales que muestran su pasado. Se ha dejado vista la pared de tocho del cerramiento de la escalera -dando calidez al interior-, del mismo modo, tambi\u00e9n se ha recuperado la puerta de acceso, barandilla y terrazo y se han dejado vistas los arcos inferiores de la escalera. Tambi\u00e9n en la habitaci\u00f3n principal se han arenado y expuesto las vigas de madera.&nbsp;<div><div><br><\/div><div>Finalmente tambi\u00e9n a nivel lum\u00ednico se sigue un patr\u00f3n continuo, con elementos que se repiten en todos los espacios: tanto la tempertatura lum\u00ednica (c\u00e1lida), como los elementos de luz general, tipo confor -para que no molesten a la vista-, en los puntos de m\u00e1s luz, las gu\u00edas led negras y blancas y varios puntos de luz decorativa&nbsp; personalizada repartidos por doquier.<\/div><\/div><\/div><\/div><div id=\"div_blof2fck-12-272\" class=\"ct-div-block\" ><img decoding=\"async\" loading=\"lazy\" id=\"imagfd3e-7-272\" alt=\"\" src=\"https:\/\/www.albertsalvia.com\/wp-content\/uploads\/w2-cvj-090-editar.jpg\" class=\"ct-image\"\/><\/div><\/div><\/div>\n\n<div id=\"divfdsf3_block-2-272\" class=\"ct-div-block separador_blocs_no_peufoto\" ><div id=\"div_g33gsblock-6-272\" class=\"ct-div-block\" ><img decoding=\"async\" loading=\"lazy\" id=\"image-gg31a7-272\" alt=\"\" src=\"https:\/\/www.albertsalvia.com\/wp-content\/uploads\/w2-mcb-8403.jpg\" class=\"ct-image\"\/><\/div><\/div>\n\n<div id=\"divfdsf3_block-2-272\" class=\"ct-div-block separador_blocs_no_peufoto\" ><div id=\"div_g33gsblock-6-272\" class=\"ct-div-block\" ><img decoding=\"async\" loading=\"lazy\" id=\"image-gg31a7-272\" alt=\"\" src=\"https:\/\/www.albertsalvia.com\/es\/wp-content\/uploads\/sites\/2\/22-cvj.jpg\" class=\"ct-image\"\/><\/div><\/div>","protected":false},"template":"","meta":{"_acf_changed":false,"inline_featured_image":false,"footnotes":""},"categoria_projecte":[3],"class_list":["post-138","projecte","type-projecte","status-publish","hentry","categoria_projecte-residencial"],"acf":[],"yoast_head":"<!-- This site is optimized with the Yoast SEO plugin v27.5 - https:\/\/yoast.com\/product\/yoast-seo-wordpress\/ -->\n<title>Casa CVJ - Albert Salvia - Dissenyador d&#039;interiors<\/title>\n<meta name=\"robots\" content=\"index, follow, max-snippet:-1, max-image-preview:large, max-video-preview:-1\" \/>\n<link rel=\"canonical\" href=\"https:\/\/www.albertsalvia.com\/es\/projecte\/casa-cvj\/\" \/>\n<meta property=\"og:locale\" content=\"es_ES\" \/>\n<meta property=\"og:type\" content=\"article\" \/>\n<meta property=\"og:title\" content=\"Casa CVJ - Albert Salvia - Dissenyador d&#039;interiors\" \/>\n<meta property=\"og:url\" content=\"https:\/\/www.albertsalvia.com\/es\/projecte\/casa-cvj\/\" \/>\n<meta property=\"og:site_name\" content=\"Albert Salvia\" \/>\n<meta property=\"article:modified_time\" content=\"2025-03-13T16:42:09+00:00\" \/>\n<meta name=\"twitter:card\" content=\"summary_large_image\" \/>\n<script type=\"application\/ld+json\" class=\"yoast-schema-graph\">{\"@context\":\"https:\\\/\\\/schema.org\",\"@graph\":[{\"@type\":\"WebPage\",\"@id\":\"https:\\\/\\\/www.albertsalvia.com\\\/es\\\/projecte\\\/casa-cvj\\\/\",\"url\":\"https:\\\/\\\/www.albertsalvia.com\\\/es\\\/projecte\\\/casa-cvj\\\/\",\"name\":\"Casa CVJ - Albert Salvia - Dissenyador d&#039;interiors\",\"isPartOf\":{\"@id\":\"https:\\\/\\\/www.albertsalvia.com\\\/es\\\/#website\"},\"datePublished\":\"2023-02-09T16:24:55+00:00\",\"dateModified\":\"2025-03-13T16:42:09+00:00\",\"breadcrumb\":{\"@id\":\"https:\\\/\\\/www.albertsalvia.com\\\/es\\\/projecte\\\/casa-cvj\\\/#breadcrumb\"},\"inLanguage\":\"es\",\"potentialAction\":[{\"@type\":\"ReadAction\",\"target\":[\"https:\\\/\\\/www.albertsalvia.com\\\/es\\\/projecte\\\/casa-cvj\\\/\"]}]},{\"@type\":\"BreadcrumbList\",\"@id\":\"https:\\\/\\\/www.albertsalvia.com\\\/es\\\/projecte\\\/casa-cvj\\\/#breadcrumb\",\"itemListElement\":[{\"@type\":\"ListItem\",\"position\":1,\"name\":\"Portada\",\"item\":\"https:\\\/\\\/www.albertsalvia.com\\\/es\\\/\"},{\"@type\":\"ListItem\",\"position\":2,\"name\":\"Projectes\",\"item\":\"https:\\\/\\\/www.albertsalvia.com\\\/es\\\/projectes\\\/\"},{\"@type\":\"ListItem\",\"position\":3,\"name\":\"Casa CVJ\"}]},{\"@type\":\"WebSite\",\"@id\":\"https:\\\/\\\/www.albertsalvia.com\\\/es\\\/#website\",\"url\":\"https:\\\/\\\/www.albertsalvia.com\\\/es\\\/\",\"name\":\"Albert Salvia\",\"description\":\"Dissenyador d&#039;interiors\",\"potentialAction\":[{\"@type\":\"SearchAction\",\"target\":{\"@type\":\"EntryPoint\",\"urlTemplate\":\"https:\\\/\\\/www.albertsalvia.com\\\/es\\\/?s={search_term_string}\"},\"query-input\":{\"@type\":\"PropertyValueSpecification\",\"valueRequired\":true,\"valueName\":\"search_term_string\"}}],\"inLanguage\":\"es\"}]}<\/script>\n<!-- \/ Yoast SEO plugin. -->","yoast_head_json":{"title":"Casa CVJ - Albert Salvia - Dissenyador d&#039;interiors","robots":{"index":"index","follow":"follow","max-snippet":"max-snippet:-1","max-image-preview":"max-image-preview:large","max-video-preview":"max-video-preview:-1"},"canonical":"https:\/\/www.albertsalvia.com\/es\/projecte\/casa-cvj\/","og_locale":"es_ES","og_type":"article","og_title":"Casa CVJ - Albert Salvia - Dissenyador d&#039;interiors","og_url":"https:\/\/www.albertsalvia.com\/es\/projecte\/casa-cvj\/","og_site_name":"Albert Salvia","article_modified_time":"2025-03-13T16:42:09+00:00","twitter_card":"summary_large_image","schema":{"@context":"https:\/\/schema.org","@graph":[{"@type":"WebPage","@id":"https:\/\/www.albertsalvia.com\/es\/projecte\/casa-cvj\/","url":"https:\/\/www.albertsalvia.com\/es\/projecte\/casa-cvj\/","name":"Casa CVJ - Albert Salvia - Dissenyador d&#039;interiors","isPartOf":{"@id":"https:\/\/www.albertsalvia.com\/es\/#website"},"datePublished":"2023-02-09T16:24:55+00:00","dateModified":"2025-03-13T16:42:09+00:00","breadcrumb":{"@id":"https:\/\/www.albertsalvia.com\/es\/projecte\/casa-cvj\/#breadcrumb"},"inLanguage":"es","potentialAction":[{"@type":"ReadAction","target":["https:\/\/www.albertsalvia.com\/es\/projecte\/casa-cvj\/"]}]},{"@type":"BreadcrumbList","@id":"https:\/\/www.albertsalvia.com\/es\/projecte\/casa-cvj\/#breadcrumb","itemListElement":[{"@type":"ListItem","position":1,"name":"Portada","item":"https:\/\/www.albertsalvia.com\/es\/"},{"@type":"ListItem","position":2,"name":"Projectes","item":"https:\/\/www.albertsalvia.com\/es\/projectes\/"},{"@type":"ListItem","position":3,"name":"Casa CVJ"}]},{"@type":"WebSite","@id":"https:\/\/www.albertsalvia.com\/es\/#website","url":"https:\/\/www.albertsalvia.com\/es\/","name":"Albert Salvia","description":"Dissenyador d&#039;interiors","potentialAction":[{"@type":"SearchAction","target":{"@type":"EntryPoint","urlTemplate":"https:\/\/www.albertsalvia.com\/es\/?s={search_term_string}"},"query-input":{"@type":"PropertyValueSpecification","valueRequired":true,"valueName":"search_term_string"}}],"inLanguage":"es"}]}},"_links":{"self":[{"href":"https:\/\/www.albertsalvia.com\/es\/wp-json\/wp\/v2\/projecte\/138","targetHints":{"allow":["GET"]}}],"collection":[{"href":"https:\/\/www.albertsalvia.com\/es\/wp-json\/wp\/v2\/projecte"}],"about":[{"href":"https:\/\/www.albertsalvia.com\/es\/wp-json\/wp\/v2\/types\/projecte"}],"version-history":[{"count":6,"href":"https:\/\/www.albertsalvia.com\/es\/wp-json\/wp\/v2\/projecte\/138\/revisions"}],"predecessor-version":[{"id":1197,"href":"https:\/\/www.albertsalvia.com\/es\/wp-json\/wp\/v2\/projecte\/138\/revisions\/1197"}],"wp:attachment":[{"href":"https:\/\/www.albertsalvia.com\/es\/wp-json\/wp\/v2\/media?parent=138"}],"wp:term":[{"taxonomy":"categoria_projecte","embeddable":true,"href":"https:\/\/www.albertsalvia.com\/es\/wp-json\/wp\/v2\/categoria_projecte?post=138"}],"curies":[{"name":"wp","href":"https:\/\/api.w.org\/{rel}","templated":true}]}}