{"id":226,"date":"2022-04-08T10:53:00","date_gmt":"2022-04-08T08:53:00","guid":{"rendered":"https:\/\/www.albertsalvia.com\/?post_type=projecte&#038;p=226"},"modified":"2022-12-30T17:02:11","modified_gmt":"2022-12-30T16:02:11","slug":"beat-cafesoul","status":"publish","type":"projecte","link":"https:\/\/www.albertsalvia.com\/es\/projecte\/beat-cafesoul\/","title":{"rendered":"Beat, Caf\u00e8&amp;Soul"},"content":{"rendered":"<div id=\"div_blnmjock-2-272\" class=\"ct-div-block separador_blocs_in_proj\" ><div id=\"div_blohjkhck-6-272\" class=\"ct-div-block\" ><div id=\"div_block7kk-12-272\" class=\"ct-div-block\" ><img decoding=\"async\" loading=\"lazy\" id=\"image-7k7kg-272\" alt=\"\" src=\"https:\/\/www.albertsalvia.com\/wp-content\/uploads\/sites\/2\/w2-mg-0077.jpg\" class=\"ct-image\"\/><\/div><div id=\"div_kg6kblock-13-272\" class=\"ct-div-block\" ><img decoding=\"async\" loading=\"lazy\" id=\"image-8-272l7l\" alt=\"\" src=\"https:\/\/www.albertsalvia.com\/wp-content\/uploads\/sites\/2\/w2-mg-0084.jpg\" class=\"ct-image\"\/><\/div><\/div><div id=\"div_block-5-272l66l\" class=\"ct-div-block\" ><div id=\"text_block-16-272k55h\" class=\"ct-text-block mida18\" >La gama crom\u00e1tica contenida da a este local una gran calma que refuerza el bienestar tan buscado en una cafeter\u00eda<\/div><\/div><\/div>\n\n<div id=\"f3fddiv_block-2-272\" class=\"ct-div-block separador_blocs_in_proj\" ><div id=\"div_block-f3f116-272\" class=\"ct-div-block\" ><img decoding=\"async\" loading=\"lazy\" id=\"image-7-272rr22ff\" alt=\"\" src=\"https:\/\/www.albertsalvia.com\/wp-content\/uploads\/sites\/2\/w2-mg-0158.jpg\" class=\"ct-image\"\/><\/div><div id=\"div_block-5-272xczx\" class=\"ct-div-block\" ><div id=\"text_blockxczx-16-272\" class=\"ct-text-block mida18\" >Una gran bancada marca el espacio central del local, la l\u00ednea de la barra y el pavimento de madera de roble<\/div><\/div><\/div>\n\n<div id=\"div_block-asd2-272\" class=\"ct-div-block separador_blocs_no_peufoto\" ><div id=\"div_blo2casdfasdfak-6-272\" class=\"ct-div-block\" ><div id=\"div_blds3ock-13-272\" class=\"ct-div-block mida25\" ><div id=\"text_bl3d3ock-14-284\" class=\"ct-text-block\" ><div>La cafeter\u00eda Beat Caf\u00e8 y Soul habla de sus propietarios y de aquello que ellos quer\u00edan que fuese su local: un aire industrial con un punto rom\u00e1ntico. Se apost\u00f3 por buscar un aire de local antiguo pero sin que pareciese de cart\u00f3n-piedra, que quedara debidamente integrado en el local en el que se ubica.<\/div><div><br><\/div><div>El Beat naci\u00f3 con la voluntad de que el local en s\u00ed fuese un reclamo -dado que no se encuentra en un barrio de paso- la decoraci\u00f3n y los productos que ofrece, como la carta de cervezas artesanales, deb\u00edan de hacer de este un sitio especial al que acudir y gozar. Por todo, se trabaja con el dualismo. Por un lado tenemos el aire industrial: con materiales como el cemento pulido, los muros de termoarcilla pintada, el hierro pintado del trasbarra y carpinter\u00edas, los tapizados en piel, muebles envejecidos, todas las instalaciones vistas y una iluminaci\u00f3n t\u00e9cnica a base de carriles y focos. Pero por otro lado nos encontramos con elementos que le dan calidez y una sofisticaci\u00f3n debidamente contenida: la selecci\u00f3n de telas de los tejidos, la textura del papel pintado, la madera de roble del pavimente que sube por la barra y los puntos de luz c\u00e1lida, con l\u00e1mparas danesas y puntos de luz desnuda.<\/div><div><br><\/div><div>Tambi\u00e9n hacen este lugar muy caracter\u00edstico la variedad de opciones de sentada que encontramos. El usuario puede escoger uno u otro punto del local seg\u00fan la hora i qui\u00e9n te acompa\u00f1e e incluso tener disponer de un rinc\u00f3n favorito. Si la barra resulta muy c\u00f3moda para tomar algo r\u00e1pidamente, tenemos, por contra, un amplio sof\u00e1 con pufs para grupos reducidos, butacas alrededor de mesillas de caf\u00e9, una amplia bancada, mesas con sillas tintadas en negro y m\u00e1s mesas con butacas en colores.&nbsp;<\/div><\/div><\/div><div id=\"div_blof2fck-12-272\" class=\"ct-div-block\" ><img decoding=\"async\" loading=\"lazy\" id=\"imagfd3e-7-272\" alt=\"\" src=\"https:\/\/www.albertsalvia.com\/wp-content\/uploads\/sites\/2\/w2-mg-0156-1.jpg\" class=\"ct-image\"\/><\/div><\/div><\/div>\n\n<div id=\"divfdsf3_block-2-272\" class=\"ct-div-block separador_blocs_no_peufoto\" ><div id=\"div_g33gsblock-6-272\" class=\"ct-div-block\" ><img decoding=\"async\" loading=\"lazy\" id=\"image-gg31a7-272\" alt=\"\" src=\"https:\/\/www.albertsalvia.com\/wp-content\/uploads\/sites\/2\/w2-mg-0189-1.jpg\" class=\"ct-image\"\/><\/div><\/div>\n\n<div id=\"f3fddiv_block-2-272\" class=\"ct-div-block separador_blocs_in_proj\" ><div id=\"div_block-f3f116-272\" class=\"ct-div-block\" ><img decoding=\"async\" loading=\"lazy\" id=\"image-7-272rr22ff\" alt=\"\" src=\"https:\/\/www.albertsalvia.com\/wp-content\/uploads\/sites\/2\/w2-mg-0128.jpg\" class=\"ct-image\"\/><\/div><div id=\"div_block-5-272xczx\" class=\"ct-div-block\" ><div id=\"text_blockxczx-16-272\" class=\"ct-text-block mida18\" >Uno de los puntos fuertes de este local es el reclamo desde el exterior, sin grandes reclamos ni r\u00f3tulos, destacando el interior por encima de todo.<\/div><\/div><\/div>\n\n<div id=\"div_blofsd3ck-2-272\" class=\"ct-div-block separador_blocs_no_peufoto\" ><div id=\"div_block-6-272t3gg\" class=\"ct-div-block\" ><div id=\"div_block-12-272g3rr\" class=\"ct-div-block\" ><img decoding=\"async\" loading=\"lazy\" id=\"image-7-272pop\" alt=\"\" src=\"https:\/\/www.albertsalvia.com\/wp-content\/uploads\/sites\/2\/w2-mg-0150.jpg\" class=\"ct-image\"\/><\/div><div id=\"div_block-opo13-272\" class=\"ct-div-block mida25\" ><div id=\"text_block-opo14-284\" class=\"ct-text-block\" ><div>Y es que, a pesar de ser una cafeter\u00eda grande, se crean microespacios, algunos m\u00e1s amplios y otros m\u00e1s recogidos, para mirar y ser visto, etc. As\u00ed se consigue, combinando muchos recursos, la altura del toche, que van desde el doble espacio de la entrada hasta una altura m\u00e1s contenida del fondo; con mobiliario define la distribuci\u00f3n, con piezas muy bien definidas, como la bancada que enmarca el espacio de la tarima de madera de roble o texturas como el muro de papel pintado confrontado con el de Termoarcilla.&nbsp;<\/div><div><br><\/div><div>Otro punto fuerte del local es la transparencia y proximidad: la ausencia de grandes rotulos, el simple nombre con un vinil de corte a la puerta de la entrada; la carpinter\u00eda con cuarterones; o una ventana de guillotina que se abre con el bueno tiempo.<\/div><div><br><\/div><div>En este trabajo de proximidad tambi\u00e9n se debe tener muy en cuenta el trabajo del dise\u00f1o gr\u00e1fico, obra de Latipo, que ha creado un logotipo a partir de un garabato hecho a mano, y el repunte de \"Caf\u00e9 &amp; Soul\" remarcando el \u00e1nima con el que se ha concebido este local. Finalmente tambi\u00e9n ha sido un punto conductor para la gr\u00e1fica, la m\u00fasica, a la que los propietarios dan mucha importancia; por este motivo se juega con una serie de lienzos inspirados en la est\u00e9tica del sello discogr\u00e1fico Blue Note, con su punto m\u00e1s \u00e1lgido en el gran mural de la zona de doble espacio de la entrada que reproduce una de estas portadas adaptadas al cromatismo del resto del local.<\/div><\/div><\/div><\/div><\/div>\n\n<div id=\"d3f3hiv_block-2-272\" class=\"ct-div-block separador_blocs_no_peufoto\" ><div id=\"di7353753v_block-6-272\" class=\"ct-div-block\" ><div id=\"div_blo3753753ck-12-272\" class=\"ct-div-block\" ><img decoding=\"async\" loading=\"lazy\" id=\"image-7-272375375\" alt=\"\" src=\"https:\/\/www.albertsalvia.com\/wp-content\/uploads\/sites\/2\/w2-mg-0118.jpg\" class=\"ct-image\"\/><\/div><div id=\"div_b3753753lock-13-272\" class=\"ct-div-block\" ><img decoding=\"async\" loading=\"lazy\" id=\"image3753753-8-272\" alt=\"\" src=\"https:\/\/www.albertsalvia.com\/wp-content\/uploads\/sites\/2\/w2-mg-0168.jpg\" class=\"ct-image\"\/><\/div><\/div><\/div>\n\n<div id=\"divfdsf3_block-2-272\" class=\"ct-div-block separador_blocs_no_peufoto\" ><div id=\"div_g33gsblock-6-272\" class=\"ct-div-block\" ><img decoding=\"async\" loading=\"lazy\" id=\"image-gg31a7-272\" alt=\"\" src=\"https:\/\/www.albertsalvia.com\/wp-content\/uploads\/sites\/2\/w2-mg-0113.jpg\" class=\"ct-image\"\/><\/div><\/div>\n\n<div id=\"divfdsf3_block-2-272\" class=\"ct-div-block separador_blocs_no_peufoto\" ><div id=\"div_g33gsblock-6-272\" class=\"ct-div-block\" ><img decoding=\"async\" loading=\"lazy\" id=\"image-gg31a7-272\" alt=\"\" src=\"https:\/\/www.albertsalvia.com\/wp-content\/uploads\/sites\/2\/w2-mg-0042.jpg\" class=\"ct-image\"\/><\/div><\/div>","protected":false},"template":"","meta":{"_acf_changed":false,"inline_featured_image":false,"footnotes":""},"categoria_projecte":[4],"class_list":["post-226","projecte","type-projecte","status-publish","hentry","categoria_projecte-hostaleria"],"acf":[],"yoast_head":"<!-- This site is optimized with the Yoast SEO plugin v27.5 - https:\/\/yoast.com\/product\/yoast-seo-wordpress\/ -->\n<title>Beat, Caf\u00e8&amp;Soul - Albert Salvia - Dissenyador d&#039;interiors<\/title>\n<meta name=\"robots\" content=\"index, follow, max-snippet:-1, max-image-preview:large, max-video-preview:-1\" \/>\n<link rel=\"canonical\" href=\"https:\/\/www.albertsalvia.com\/es\/projecte\/beat-cafesoul\/\" \/>\n<meta property=\"og:locale\" content=\"es_ES\" \/>\n<meta property=\"og:type\" content=\"article\" \/>\n<meta property=\"og:title\" content=\"Beat, Caf\u00e8&amp;Soul - Albert Salvia - Dissenyador d&#039;interiors\" \/>\n<meta property=\"og:url\" content=\"https:\/\/www.albertsalvia.com\/es\/projecte\/beat-cafesoul\/\" \/>\n<meta property=\"og:site_name\" content=\"Albert Salvia\" \/>\n<meta property=\"article:modified_time\" content=\"2022-12-30T16:02:11+00:00\" \/>\n<meta name=\"twitter:card\" content=\"summary_large_image\" \/>\n<script type=\"application\/ld+json\" class=\"yoast-schema-graph\">{\"@context\":\"https:\\\/\\\/schema.org\",\"@graph\":[{\"@type\":\"WebPage\",\"@id\":\"https:\\\/\\\/www.albertsalvia.com\\\/es\\\/projecte\\\/beat-cafesoul\\\/\",\"url\":\"https:\\\/\\\/www.albertsalvia.com\\\/es\\\/projecte\\\/beat-cafesoul\\\/\",\"name\":\"Beat, Caf\u00e8&amp;Soul - Albert Salvia - Dissenyador d&#039;interiors\",\"isPartOf\":{\"@id\":\"https:\\\/\\\/www.albertsalvia.com\\\/es\\\/#website\"},\"datePublished\":\"2022-04-08T08:53:00+00:00\",\"dateModified\":\"2022-12-30T16:02:11+00:00\",\"breadcrumb\":{\"@id\":\"https:\\\/\\\/www.albertsalvia.com\\\/es\\\/projecte\\\/beat-cafesoul\\\/#breadcrumb\"},\"inLanguage\":\"es\",\"potentialAction\":[{\"@type\":\"ReadAction\",\"target\":[\"https:\\\/\\\/www.albertsalvia.com\\\/es\\\/projecte\\\/beat-cafesoul\\\/\"]}]},{\"@type\":\"BreadcrumbList\",\"@id\":\"https:\\\/\\\/www.albertsalvia.com\\\/es\\\/projecte\\\/beat-cafesoul\\\/#breadcrumb\",\"itemListElement\":[{\"@type\":\"ListItem\",\"position\":1,\"name\":\"Portada\",\"item\":\"https:\\\/\\\/www.albertsalvia.com\\\/es\\\/\"},{\"@type\":\"ListItem\",\"position\":2,\"name\":\"Projectes\",\"item\":\"https:\\\/\\\/www.albertsalvia.com\\\/es\\\/projectes\\\/\"},{\"@type\":\"ListItem\",\"position\":3,\"name\":\"Beat, Caf\u00e8&amp;Soul\"}]},{\"@type\":\"WebSite\",\"@id\":\"https:\\\/\\\/www.albertsalvia.com\\\/es\\\/#website\",\"url\":\"https:\\\/\\\/www.albertsalvia.com\\\/es\\\/\",\"name\":\"Albert Salvia\",\"description\":\"Dissenyador d&#039;interiors\",\"potentialAction\":[{\"@type\":\"SearchAction\",\"target\":{\"@type\":\"EntryPoint\",\"urlTemplate\":\"https:\\\/\\\/www.albertsalvia.com\\\/es\\\/?s={search_term_string}\"},\"query-input\":{\"@type\":\"PropertyValueSpecification\",\"valueRequired\":true,\"valueName\":\"search_term_string\"}}],\"inLanguage\":\"es\"}]}<\/script>\n<!-- \/ Yoast SEO plugin. -->","yoast_head_json":{"title":"Beat, Caf\u00e8&amp;Soul - Albert Salvia - Dissenyador d&#039;interiors","robots":{"index":"index","follow":"follow","max-snippet":"max-snippet:-1","max-image-preview":"max-image-preview:large","max-video-preview":"max-video-preview:-1"},"canonical":"https:\/\/www.albertsalvia.com\/es\/projecte\/beat-cafesoul\/","og_locale":"es_ES","og_type":"article","og_title":"Beat, Caf\u00e8&amp;Soul - Albert Salvia - Dissenyador d&#039;interiors","og_url":"https:\/\/www.albertsalvia.com\/es\/projecte\/beat-cafesoul\/","og_site_name":"Albert Salvia","article_modified_time":"2022-12-30T16:02:11+00:00","twitter_card":"summary_large_image","schema":{"@context":"https:\/\/schema.org","@graph":[{"@type":"WebPage","@id":"https:\/\/www.albertsalvia.com\/es\/projecte\/beat-cafesoul\/","url":"https:\/\/www.albertsalvia.com\/es\/projecte\/beat-cafesoul\/","name":"Beat, Caf\u00e8&amp;Soul - Albert Salvia - Dissenyador d&#039;interiors","isPartOf":{"@id":"https:\/\/www.albertsalvia.com\/es\/#website"},"datePublished":"2022-04-08T08:53:00+00:00","dateModified":"2022-12-30T16:02:11+00:00","breadcrumb":{"@id":"https:\/\/www.albertsalvia.com\/es\/projecte\/beat-cafesoul\/#breadcrumb"},"inLanguage":"es","potentialAction":[{"@type":"ReadAction","target":["https:\/\/www.albertsalvia.com\/es\/projecte\/beat-cafesoul\/"]}]},{"@type":"BreadcrumbList","@id":"https:\/\/www.albertsalvia.com\/es\/projecte\/beat-cafesoul\/#breadcrumb","itemListElement":[{"@type":"ListItem","position":1,"name":"Portada","item":"https:\/\/www.albertsalvia.com\/es\/"},{"@type":"ListItem","position":2,"name":"Projectes","item":"https:\/\/www.albertsalvia.com\/es\/projectes\/"},{"@type":"ListItem","position":3,"name":"Beat, Caf\u00e8&amp;Soul"}]},{"@type":"WebSite","@id":"https:\/\/www.albertsalvia.com\/es\/#website","url":"https:\/\/www.albertsalvia.com\/es\/","name":"Albert Salvia","description":"Dissenyador d&#039;interiors","potentialAction":[{"@type":"SearchAction","target":{"@type":"EntryPoint","urlTemplate":"https:\/\/www.albertsalvia.com\/es\/?s={search_term_string}"},"query-input":{"@type":"PropertyValueSpecification","valueRequired":true,"valueName":"search_term_string"}}],"inLanguage":"es"}]}},"_links":{"self":[{"href":"https:\/\/www.albertsalvia.com\/es\/wp-json\/wp\/v2\/projecte\/226","targetHints":{"allow":["GET"]}}],"collection":[{"href":"https:\/\/www.albertsalvia.com\/es\/wp-json\/wp\/v2\/projecte"}],"about":[{"href":"https:\/\/www.albertsalvia.com\/es\/wp-json\/wp\/v2\/types\/projecte"}],"version-history":[{"count":5,"href":"https:\/\/www.albertsalvia.com\/es\/wp-json\/wp\/v2\/projecte\/226\/revisions"}],"predecessor-version":[{"id":1110,"href":"https:\/\/www.albertsalvia.com\/es\/wp-json\/wp\/v2\/projecte\/226\/revisions\/1110"}],"wp:attachment":[{"href":"https:\/\/www.albertsalvia.com\/es\/wp-json\/wp\/v2\/media?parent=226"}],"wp:term":[{"taxonomy":"categoria_projecte","embeddable":true,"href":"https:\/\/www.albertsalvia.com\/es\/wp-json\/wp\/v2\/categoria_projecte?post=226"}],"curies":[{"name":"wp","href":"https:\/\/api.w.org\/{rel}","templated":true}]}}